{"id":1259,"date":"2011-07-25T14:53:44","date_gmt":"2011-07-25T12:53:44","guid":{"rendered":"http:\/\/www.mj-lagrange.org\/?page_id=1259"},"modified":"2011-07-25T14:53:44","modified_gmt":"2011-07-25T12:53:44","slug":"archives","status":"publish","type":"page","link":"https:\/\/www.mj-lagrange.org\/?page_id=1259","title":{"rendered":"Archives"},"content":{"rendered":"<div class=\"fcbkbttn_buttons_block\" id=\"fcbkbttn_left\"><div class=\"fcbkbttn_button\">\n\t\t\t\t\t<a href=\"https:\/\/www.facebook.com\/\" target=\"_blank\">\n\t\t\t\t\t\t<img decoding=\"async\" src=\"https:\/\/mj-lagrange.org\/wp-content\/plugins\/facebook-button-plugin\/images\/standard-facebook-ico.png\" alt=\"Fb-Button\" \/>\n\t\t\t\t\t<\/a>\n\t\t\t\t<\/div><div class=\"fcbkbttn_like \"><fb:like href=\"https:\/\/www.mj-lagrange.org\/?page_id=1259\" action=\"like\" colorscheme=\"light\" layout=\"standard\"  width=\"225px\" size=\"small\"><\/fb:like><\/div><\/div><div class=\"sya_container\" id=\"sya_container\"><a id=\"year2026\"><\/a>2026<ul><li class=\"\"><div class=\"sya_postcontent\"><span class=\"sya_date\"> <span class=\"sya_sep\"> <\/span><\/span><a href=\"https:\/\/www.mj-lagrange.org\/?p=16371\" class=\"sya_postlink post-16371\" rel=\"bookmark\">\u00c9cho de notre Page Facebook : avril 2026<\/a><\/div><\/li><li class=\"\"><div class=\"sya_postcontent\"><span class=\"sya_date\"> <span class=\"sya_sep\"> <\/span><\/span><a href=\"https:\/\/www.mj-lagrange.org\/?p=16362\" class=\"sya_postlink post-16362\" rel=\"bookmark\">\u00c9cho de notre Page Facebook : avril 2026<\/a><\/div><\/li><li class=\"\"><div class=\"sya_postcontent\"><span class=\"sya_date\"> <span class=\"sya_sep\"> <\/span><\/span><a href=\"https:\/\/www.mj-lagrange.org\/?p=16347\" class=\"sya_postlink post-16347\" rel=\"bookmark\">\u00c9cho de notre page Facebook mars 2026<\/a><\/div><\/li><li class=\"\"><div class=\"sya_postcontent\"><span class=\"sya_date\"> <span class=\"sya_sep\"> <\/span><\/span><a href=\"https:\/\/www.mj-lagrange.org\/?p=16348\" class=\"sya_postlink post-16348\" rel=\"bookmark\">\u00c9cho de notre page Facebook mars 2026<\/a><\/div><\/li><li class=\"\"><div class=\"sya_postcontent\"><span class=\"sya_date\"> <span class=\"sya_sep\"> <\/span><\/span><a href=\"https:\/\/www.mj-lagrange.org\/?p=16333\" class=\"sya_postlink post-16333\" rel=\"bookmark\">\u00c9cho de notre page Facebook : f\u00e9vrier 2026<\/a><\/div><\/li><li class=\"\"><div class=\"sya_postcontent\"><span class=\"sya_date\"> <span class=\"sya_sep\"> <\/span><\/span><a href=\"https:\/\/www.mj-lagrange.org\/?p=16317\" class=\"sya_postlink post-16317\" rel=\"bookmark\">Voeux du Pr\u00e9sident aux membres de l&rsquo;association du p\u00e8re Lagrange<\/a><\/div><\/li><li class=\"\"><div class=\"sya_postcontent\"><span class=\"sya_date\"> <span class=\"sya_sep\"> <\/span><\/span><a href=\"https:\/\/www.mj-lagrange.org\/?p=16312\" class=\"sya_postlink post-16312\" rel=\"bookmark\">Le R\u00e8gne de Dieu dans l&rsquo;Ancien Testament par Marie-Joseph Lagrange, o. p.<\/a><\/div><\/li><li class=\"\"><div class=\"sya_postcontent\"><span class=\"sya_date\"> <span class=\"sya_sep\"> <\/span><\/span><a href=\"https:\/\/www.mj-lagrange.org\/?p=16293\" class=\"sya_postlink post-16293\" rel=\"bookmark\">\u00c9cho de notre page Facebook : janvier 2026<\/a><\/div><\/li><\/ul><a id=\"year2025\"><\/a>2025<ul><li class=\"\"><div class=\"sya_postcontent\"><span class=\"sya_date\"> <span class=\"sya_sep\"> <\/span><\/span><a href=\"https:\/\/www.mj-lagrange.org\/?p=16261\" class=\"sya_postlink post-16261\" rel=\"bookmark\">\u00c9cho de notre page Facebook d\u00e9cembre 2025<\/a><\/div><\/li><li class=\"\"><div class=\"sya_postcontent\"><span class=\"sya_date\"> <span class=\"sya_sep\"> <\/span><\/span><a href=\"https:\/\/www.mj-lagrange.org\/?p=16237\" class=\"sya_postlink post-16237\" rel=\"bookmark\">\u00c9cho de notre page Facebook : novembre 2025<\/a><\/div><\/li><li class=\"\"><div class=\"sya_postcontent\"><span class=\"sya_date\"> <span class=\"sya_sep\"> <\/span><\/span><a href=\"https:\/\/www.mj-lagrange.org\/?p=16221\" class=\"sya_postlink post-16221\" rel=\"bookmark\">\u00c9cho de notre Page Facebook : octobre 2025<\/a><\/div><\/li><li class=\"\"><div class=\"sya_postcontent\"><span class=\"sya_date\"> <span class=\"sya_sep\"> <\/span><\/span><a href=\"https:\/\/www.mj-lagrange.org\/?p=16206\" class=\"sya_postlink post-16206\" rel=\"bookmark\">\u00c9cho de notre page Facebook : septembre 2025<\/a><\/div><\/li><li class=\"\"><div class=\"sya_postcontent\"><span class=\"sya_date\"> <span class=\"sya_sep\"> <\/span><\/span><a href=\"https:\/\/www.mj-lagrange.org\/?p=16202\" class=\"sya_postlink post-16202\" rel=\"bookmark\">Pri\u00e8re pour demander l&rsquo;intercession du serviteur de Dieu Marie-Joseph Lagrange o.p.<\/a><\/div><\/li><li class=\"\"><div class=\"sya_postcontent\"><span class=\"sya_date\"> <span class=\"sya_sep\"> <\/span><\/span><a href=\"https:\/\/www.mj-lagrange.org\/?p=16190\" class=\"sya_postlink post-16190\" rel=\"bookmark\">\u00c9cho de notre page Facebook : ao\u00fbt 2025<\/a><\/div><\/li><li class=\"\"><div class=\"sya_postcontent\"><span class=\"sya_date\"> <span class=\"sya_sep\"> <\/span><\/span><a href=\"https:\/\/www.mj-lagrange.org\/?p=16187\" class=\"sya_postlink post-16187\" rel=\"bookmark\">El Padre Mar\u00eda-Jos\u00e9 LAGRANGE, fundador de la Escuela b\u00edblica de Jerusal\u00e9n, ordenado sacerdote en Zamora (Espa\u00f1a) Fr. Manuel Rivero O.P.<\/a><\/div><\/li><li class=\"\"><div class=\"sya_postcontent\"><span class=\"sya_date\"> <span class=\"sya_sep\"> <\/span><\/span><a href=\"https:\/\/www.mj-lagrange.org\/?p=16173\" class=\"sya_postlink post-16173\" rel=\"bookmark\">\u00c9cho de notre Page Facebook : juillet 2025<\/a><\/div><\/li><li class=\"\"><div class=\"sya_postcontent\"><span class=\"sya_date\"> <span class=\"sya_sep\"> <\/span><\/span><a href=\"https:\/\/www.mj-lagrange.org\/?p=16148\" class=\"sya_postlink post-16148\" rel=\"bookmark\">Paroles prononc\u00e9es par le P. Benoit \u00e0 l&rsquo;occasion de l&rsquo;inhumation des restes du P. Marie-Joseph Lagrange<\/a><\/div><\/li><li class=\"\"><div class=\"sya_postcontent\"><span class=\"sya_date\"> <span class=\"sya_sep\"> <\/span><\/span><a href=\"https:\/\/www.mj-lagrange.org\/?p=16141\" class=\"sya_postlink post-16141\" rel=\"bookmark\">\u00c9cho de notre Page Facebook : juin 2025<\/a><\/div><\/li><li class=\"\"><div class=\"sya_postcontent\"><span class=\"sya_date\"> <span class=\"sya_sep\"> <\/span><\/span><a href=\"https:\/\/www.mj-lagrange.org\/?p=16129\" class=\"sya_postlink post-16129\" rel=\"bookmark\">\u00c9cho de notre Page Facebook : mai 2025<\/a><\/div><\/li><li class=\"\"><div class=\"sya_postcontent\"><span class=\"sya_date\"> <span class=\"sya_sep\"> <\/span><\/span><a href=\"https:\/\/www.mj-lagrange.org\/?p=16109\" class=\"sya_postlink post-16109\" rel=\"bookmark\">\u00c9cho de notre page Facebook : avril 2025<\/a><\/div><\/li><li class=\"\"><div class=\"sya_postcontent\"><span class=\"sya_date\"> <span class=\"sya_sep\"> <\/span><\/span><a href=\"https:\/\/www.mj-lagrange.org\/?p=16092\" class=\"sya_postlink post-16092\" rel=\"bookmark\">Lib\u00e9rer pour aimer &#8211; Conf\u00e9rence par le fr. Manuel Rivero O.P.<\/a><\/div><\/li><li class=\"\"><div class=\"sya_postcontent\"><span class=\"sya_date\"> <span class=\"sya_sep\"> <\/span><\/span><a href=\"https:\/\/www.mj-lagrange.org\/?p=16078\" class=\"sya_postlink post-16078\" rel=\"bookmark\">\u00ab\u00a0Progresser dans la v\u00e9rit\u00e9\u00a0\u00bb Journ\u00e9e d&rsquo;\u00e9tude du 9 mars 2024, \u00e0 Nice<\/a><\/div><\/li><li class=\"\"><div class=\"sya_postcontent\"><span class=\"sya_date\"> <span class=\"sya_sep\"> <\/span><\/span><a href=\"https:\/\/www.mj-lagrange.org\/?p=16057\" class=\"sya_postlink post-16057\" rel=\"bookmark\">\u00c9cho de notre Page Facebook : mars 2025<\/a><\/div><\/li><li class=\"\"><div class=\"sya_postcontent\"><span class=\"sya_date\"> <span class=\"sya_sep\"> <\/span><\/span><a href=\"https:\/\/www.mj-lagrange.org\/?p=16047\" class=\"sya_postlink post-16047\" rel=\"bookmark\">\u00c9cho de notre Page Facebook : f\u00e9vrier 2025<\/a><\/div><\/li><li class=\"\"><div class=\"sya_postcontent\"><span class=\"sya_date\"> <span class=\"sya_sep\"> <\/span><\/span><a href=\"https:\/\/www.mj-lagrange.org\/?p=16029\" class=\"sya_postlink post-16029\" rel=\"bookmark\">\u00c9cho de notre page Facebook : janvier 2025<\/a><\/div><\/li><\/ul><a id=\"year2024\"><\/a>2024<ul><li class=\"\"><div class=\"sya_postcontent\"><span class=\"sya_date\"> <span class=\"sya_sep\"> <\/span><\/span><a href=\"https:\/\/www.mj-lagrange.org\/?p=16020\" class=\"sya_postlink post-16020\" rel=\"bookmark\">Voeux pour No\u00ebl 2024 et pour la Nouvelle Ann\u00e9e 2025, sous le signe de l&rsquo;Esp\u00e9rance<\/a><\/div><\/li><li class=\"\"><div class=\"sya_postcontent\"><span class=\"sya_date\"> <span class=\"sya_sep\"> <\/span><\/span><a href=\"https:\/\/www.mj-lagrange.org\/?p=15987\" class=\"sya_postlink post-15987\" rel=\"bookmark\">\u00c9cho de notre page Facebook : d\u00e9cembre 2024<\/a><\/div><\/li><li class=\"\"><div class=\"sya_postcontent\"><span class=\"sya_date\"> <span class=\"sya_sep\"> <\/span><\/span><a href=\"https:\/\/www.mj-lagrange.org\/?p=15959\" class=\"sya_postlink post-15959\" rel=\"bookmark\">\u00c9cho de notre page Facebook : novembre 2024<\/a><\/div><\/li><li class=\"\"><div class=\"sya_postcontent\"><span class=\"sya_date\"> <span class=\"sya_sep\"> <\/span><\/span><a href=\"https:\/\/www.mj-lagrange.org\/?p=15928\" class=\"sya_postlink post-15928\" rel=\"bookmark\">\u00c9cho de notre page Facebook : octobre 2024<\/a><\/div><\/li><li class=\"\"><div class=\"sya_postcontent\"><span class=\"sya_date\"> <span class=\"sya_sep\"> <\/span><\/span><a href=\"https:\/\/www.mj-lagrange.org\/?p=15909\" class=\"sya_postlink post-15909\" rel=\"bookmark\">\u00c9cho de notre page Facebook : septembre 2024<\/a><\/div><\/li><li class=\"\"><div class=\"sya_postcontent\"><span class=\"sya_date\"> <span class=\"sya_sep\"> <\/span><\/span><a href=\"https:\/\/www.mj-lagrange.org\/?p=15875\" class=\"sya_postlink post-15875\" rel=\"bookmark\">\u00c9cho de notre page Facebook : ao\u00fbt 2024<\/a><\/div><\/li><li class=\"\"><div class=\"sya_postcontent\"><span class=\"sya_date\"> <span class=\"sya_sep\"> <\/span><\/span><a href=\"https:\/\/www.mj-lagrange.org\/?p=15859\" class=\"sya_postlink post-15859\" rel=\"bookmark\">Un joli santon confectionn\u00e9 par soeur Marie-Reine O. P.<\/a><\/div><\/li><li class=\"\"><div class=\"sya_postcontent\"><span class=\"sya_date\"> <span class=\"sya_sep\"> <\/span><\/span><a href=\"https:\/\/www.mj-lagrange.org\/?p=15853\" class=\"sya_postlink post-15853\" rel=\"bookmark\">\u00c9cho de notre page Facebook : juillet 2024<\/a><\/div><\/li><li class=\"\"><div class=\"sya_postcontent\"><span class=\"sya_date\"> <span class=\"sya_sep\"> <\/span><\/span><a href=\"https:\/\/www.mj-lagrange.org\/?p=15846\" class=\"sya_postlink post-15846\" rel=\"bookmark\">La p\u00e9dagogie du projet comme facteur de d\u00e9veloppement par Fr. Manuel Rivero O. P.<\/a><\/div><\/li><li class=\"\"><div class=\"sya_postcontent\"><span class=\"sya_date\"> <span class=\"sya_sep\"> <\/span><\/span><a href=\"https:\/\/www.mj-lagrange.org\/?p=15827\" class=\"sya_postlink post-15827\" rel=\"bookmark\">Rosaire du Sacr\u00e9-Coeur de J\u00e9sus, radio Arc-en-Ciel, le 3 juin 2024 par Fr. Manuel Rivero O.P.<\/a><\/div><\/li><li class=\"\"><div class=\"sya_postcontent\"><span class=\"sya_date\"> <span class=\"sya_sep\"> <\/span><\/span><a href=\"https:\/\/www.mj-lagrange.org\/?p=15818\" class=\"sya_postlink post-15818\" rel=\"bookmark\">\u00c9cho de notre page Facebook : juin 2024<\/a><\/div><\/li><li class=\"\"><div class=\"sya_postcontent\"><span class=\"sya_date\"> <span class=\"sya_sep\"> <\/span><\/span><a href=\"https:\/\/www.mj-lagrange.org\/?p=15798\" class=\"sya_postlink post-15798\" rel=\"bookmark\">\u00c9cho de notre page Facebook : mai 2024<\/a><\/div><\/li><li class=\"\"><div class=\"sya_postcontent\"><span class=\"sya_date\"> <span class=\"sya_sep\"> <\/span><\/span><a href=\"https:\/\/www.mj-lagrange.org\/?p=15766\" class=\"sya_postlink post-15766\" rel=\"bookmark\">\u00c9cho de notre page Facebook : avril 2024<\/a><\/div><\/li><li class=\"\"><div class=\"sya_postcontent\"><span class=\"sya_date\"> <span class=\"sya_sep\"> <\/span><\/span><a href=\"https:\/\/www.mj-lagrange.org\/?p=15739\" class=\"sya_postlink post-15739\" rel=\"bookmark\">\u00c9cho de notre page Facebook : mars 2024<\/a><\/div><\/li><li class=\"\"><div class=\"sya_postcontent\"><span class=\"sya_date\"> <span class=\"sya_sep\"> <\/span><\/span><a href=\"https:\/\/www.mj-lagrange.org\/?p=15722\" class=\"sya_postlink post-15722\" rel=\"bookmark\">\u00c9cho de notre page Facebook : f\u00e9vrier 2024<\/a><\/div><\/li><li class=\"\"><div class=\"sya_postcontent\"><span class=\"sya_date\"> <span class=\"sya_sep\"> <\/span><\/span><a href=\"https:\/\/www.mj-lagrange.org\/?p=15712\" class=\"sya_postlink post-15712\" rel=\"bookmark\">Journ\u00e9e d&rsquo;\u00e9tude sur le p\u00e8re Marie-Joseph Lagrange O.P. Fondateur de l&rsquo;\u00c9cole biblique de J\u00e9rusalem, le 9 mars 2024 \u00e0 Nice<\/a><\/div><\/li><li class=\"\"><div class=\"sya_postcontent\"><span class=\"sya_date\"> <span class=\"sya_sep\"> <\/span><\/span><a href=\"https:\/\/www.mj-lagrange.org\/?p=15698\" class=\"sya_postlink post-15698\" rel=\"bookmark\">Fr. Manuel Rosaire, radio Arc-en-ciel (Saint-Denis\/La R\u00e9union), le lundi 12 f\u00e9vrier 2024. par Fr. Manuel Rivero, o. p.<\/a><\/div><\/li><\/ul><a id=\"year2023\"><\/a>2023<ul><li class=\"\"><div class=\"sya_postcontent\"><span class=\"sya_date\"> <span class=\"sya_sep\"> <\/span><\/span><a href=\"https:\/\/www.mj-lagrange.org\/?p=15678\" class=\"sya_postlink post-15678\" rel=\"bookmark\">\u00c9cho de notre page Facebook : janvier 2024<\/a><\/div><\/li><li class=\"\"><div class=\"sya_postcontent\"><span class=\"sya_date\"> <span class=\"sya_sep\"> <\/span><\/span><a href=\"https:\/\/www.mj-lagrange.org\/?p=15649\" class=\"sya_postlink post-15649\" rel=\"bookmark\">\u00c9cho de notre page Facebook : d\u00e9cembre 2023<\/a><\/div><\/li><li class=\"\"><div class=\"sya_postcontent\"><span class=\"sya_date\"> <span class=\"sya_sep\"> <\/span><\/span><a href=\"https:\/\/www.mj-lagrange.org\/?p=15609\" class=\"sya_postlink post-15609\" rel=\"bookmark\">\u00c9cho de notre page Facebook : novembre 2023<\/a><\/div><\/li><li class=\"\"><div class=\"sya_postcontent\"><span class=\"sya_date\"> <span class=\"sya_sep\"> <\/span><\/span><a href=\"https:\/\/www.mj-lagrange.org\/?p=15570\" class=\"sya_postlink post-15570\" rel=\"bookmark\">\u00c9cho de notre Page Facebook : octobre 2023<\/a><\/div><\/li><li class=\"\"><div class=\"sya_postcontent\"><span class=\"sya_date\"> <span class=\"sya_sep\"> <\/span><\/span><a href=\"https:\/\/www.mj-lagrange.org\/?p=15544\" class=\"sya_postlink post-15544\" rel=\"bookmark\">\u00c9cho de notre page Facebook : septembre 2023<\/a><\/div><\/li><li class=\"\"><div class=\"sya_postcontent\"><span class=\"sya_date\"> <span class=\"sya_sep\"> <\/span><\/span><a href=\"https:\/\/www.mj-lagrange.org\/?p=15527\" class=\"sya_postlink post-15527\" rel=\"bookmark\">\u00c9cho de notre page Facebook : ao\u00fbt 2023<\/a><\/div><\/li><li class=\"\"><div class=\"sya_postcontent\"><span class=\"sya_date\"> <span class=\"sya_sep\"> <\/span><\/span><a href=\"https:\/\/www.mj-lagrange.org\/?p=15496\" class=\"sya_postlink post-15496\" rel=\"bookmark\">\u00c9cho de notre page Facebook : juillet 2023<\/a><\/div><\/li><li class=\"\"><div class=\"sya_postcontent\"><span class=\"sya_date\"> <span class=\"sya_sep\"> <\/span><\/span><a href=\"https:\/\/www.mj-lagrange.org\/?p=15479\" class=\"sya_postlink post-15479\" rel=\"bookmark\">Lettre aux amis du 28 mars 2023 par Fr. Manuel Rivero, o. p.<\/a><\/div><\/li><li class=\"\"><div class=\"sya_postcontent\"><span class=\"sya_date\"> <span class=\"sya_sep\"> <\/span><\/span><a href=\"https:\/\/www.mj-lagrange.org\/?p=15454\" class=\"sya_postlink post-15454\" rel=\"bookmark\">\u00c9cho de notre page Facebook : juin 2023<\/a><\/div><\/li><li class=\"\"><div class=\"sya_postcontent\"><span class=\"sya_date\"> <span class=\"sya_sep\"> <\/span><\/span><a href=\"https:\/\/www.mj-lagrange.org\/?p=15421\" class=\"sya_postlink post-15421\" rel=\"bookmark\">O\u00f9 en est la question de l&rsquo;alphabet ? Marie-Joseph Lagrange des fr\u00e8res Pr\u00eacheurs<\/a><\/div><\/li><li class=\"\"><div class=\"sya_postcontent\"><span class=\"sya_date\"> <span class=\"sya_sep\"> <\/span><\/span><a href=\"https:\/\/www.mj-lagrange.org\/?p=15399\" class=\"sya_postlink post-15399\" rel=\"bookmark\">\u00c9cho de notre page Facebook : mai 2023<\/a><\/div><\/li><li class=\"\"><div class=\"sya_postcontent\"><span class=\"sya_date\"> <span class=\"sya_sep\"> <\/span><\/span><a href=\"https:\/\/www.mj-lagrange.org\/?p=15328\" class=\"sya_postlink post-15328\" rel=\"bookmark\">Interview de Fr. Manuel Rivero, o.p. Vice-postulateur de la cause de b\u00e9atification du P. Lagrange par V\u00e9ronique Alzieu de RCF<\/a><\/div><\/li><li class=\"\"><div class=\"sya_postcontent\"><span class=\"sya_date\"> <span class=\"sya_sep\"> <\/span><\/span><a href=\"https:\/\/www.mj-lagrange.org\/?p=15309\" class=\"sya_postlink post-15309\" rel=\"bookmark\">\u00c9cho de notre page Facebook : avril 2023<\/a><\/div><\/li><li class=\"\"><div class=\"sya_postcontent\"><span class=\"sya_date\"> <span class=\"sya_sep\"> <\/span><\/span><a href=\"https:\/\/www.mj-lagrange.org\/?p=15282\" class=\"sya_postlink post-15282\" rel=\"bookmark\">Hom\u00e9lie pour le 10 mars 2023. 85 ans de la \u00ab\u00a0p\u00e2que\u00a0\u00bb du p\u00e8re Lagrange par Fr\u00e8re Manuel Rivero, o. p.<\/a><\/div><\/li><li class=\"\"><div class=\"sya_postcontent\"><span class=\"sya_date\"> <span class=\"sya_sep\"> <\/span><\/span><a href=\"https:\/\/www.mj-lagrange.org\/?p=15279\" class=\"sya_postlink post-15279\" rel=\"bookmark\">Chapelet pour la glorification du serviteur de Dieu, le p\u00e8re Marie-Joseph Lagrange, o. p. (Bourg-en-Bresse 1855-Saint-Maximin 1938)<\/a><\/div><\/li><li class=\"\"><div class=\"sya_postcontent\"><span class=\"sya_date\"> <span class=\"sya_sep\"> <\/span><\/span><a href=\"https:\/\/www.mj-lagrange.org\/?p=15237\" class=\"sya_postlink post-15237\" rel=\"bookmark\">\u00c9cho de notre page Facebook : mars 2023<\/a><\/div><\/li><li class=\"\"><div class=\"sya_postcontent\"><span class=\"sya_date\"> <span class=\"sya_sep\"> <\/span><\/span><a href=\"https:\/\/www.mj-lagrange.org\/?p=15204\" class=\"sya_postlink post-15204\" rel=\"bookmark\">Le p\u00e8re Marie-Joseph Lagrange et le p\u00e8re Pedro Arrupe, deux proph\u00e8tes en voie de b\u00e9atification par Fr. Manuel Rivero O.P.<\/a><\/div><\/li><li class=\"\"><div class=\"sya_postcontent\"><span class=\"sya_date\"> <span class=\"sya_sep\"> <\/span><\/span><a href=\"https:\/\/www.mj-lagrange.org\/?p=15195\" class=\"sya_postlink post-15195\" rel=\"bookmark\">\u00c9cho de notre page FB : f\u00e9vrier 2023<\/a><\/div><\/li><li class=\"\"><div class=\"sya_postcontent\"><span class=\"sya_date\"> <span class=\"sya_sep\"> <\/span><\/span><a href=\"https:\/\/www.mj-lagrange.org\/?p=15186\" class=\"sya_postlink post-15186\" rel=\"bookmark\">M\u00e9ditations des myst\u00e8res du Rosaire par Soeur Sandrine, O.P.<\/a><\/div><\/li><li class=\"\"><div class=\"sya_postcontent\"><span class=\"sya_date\"> <span class=\"sya_sep\"> <\/span><\/span><a href=\"https:\/\/www.mj-lagrange.org\/?p=15172\" class=\"sya_postlink post-15172\" rel=\"bookmark\">Les enjeux du \u00ab dimanche de la Parole de Dieu \u00bb, le 22 janvier 2023. Fr. Manuel Rivero O.P.<\/a><\/div><\/li><li class=\"\"><div class=\"sya_postcontent\"><span class=\"sya_date\"> <span class=\"sya_sep\"> <\/span><\/span><a href=\"https:\/\/www.mj-lagrange.org\/?p=15147\" class=\"sya_postlink post-15147\" rel=\"bookmark\">Chemin de croix, avec les membres des \u00c9quipes Notre-Dame de La R\u00e9union<\/a><\/div><\/li><li class=\"\"><div class=\"sya_postcontent\"><span class=\"sya_date\"> <span class=\"sya_sep\"> <\/span><\/span><a href=\"https:\/\/www.mj-lagrange.org\/?p=15118\" class=\"sya_postlink post-15118\" rel=\"bookmark\">\u00c9cho de notre page Facebook : janvier 2023<\/a><\/div><\/li><\/ul><a id=\"year2022\"><\/a>2022<ul><li class=\"\"><div class=\"sya_postcontent\"><span class=\"sya_date\"> <span class=\"sya_sep\"> <\/span><\/span><a href=\"https:\/\/www.mj-lagrange.org\/?p=15049\" class=\"sya_postlink post-15049\" rel=\"bookmark\">\u00c9cho de notre page Facebook : d\u00e9cembre 2022<\/a><\/div><\/li><li class=\"\"><div class=\"sya_postcontent\"><span class=\"sya_date\"> <span class=\"sya_sep\"> <\/span><\/span><a href=\"https:\/\/www.mj-lagrange.org\/?p=15012\" class=\"sya_postlink post-15012\" rel=\"bookmark\">\u00c9cho de notre page Facebook : novembre 2022<\/a><\/div><\/li><li class=\"\"><div class=\"sya_postcontent\"><span class=\"sya_date\"> <span class=\"sya_sep\"> <\/span><\/span><a href=\"https:\/\/www.mj-lagrange.org\/?p=14973\" class=\"sya_postlink post-14973\" rel=\"bookmark\">Echo de notre page Facebook : octobre 2022<\/a><\/div><\/li><li class=\"\"><div class=\"sya_postcontent\"><span class=\"sya_date\"> <span class=\"sya_sep\"> <\/span><\/span><a href=\"https:\/\/www.mj-lagrange.org\/?p=14942\" class=\"sya_postlink post-14942\" rel=\"bookmark\">\u00c9cho de notre page Facebook : septembre 2022<\/a><\/div><\/li><li class=\"\"><div class=\"sya_postcontent\"><span class=\"sya_date\"> <span class=\"sya_sep\"> <\/span><\/span><a href=\"https:\/\/www.mj-lagrange.org\/?p=14926\" class=\"sya_postlink post-14926\" rel=\"bookmark\">\u00c9cho de notre page Facebook : ao\u00fbt 2022<\/a><\/div><\/li><li class=\"\"><div class=\"sya_postcontent\"><span class=\"sya_date\"> <span class=\"sya_sep\"> <\/span><\/span><a href=\"https:\/\/www.mj-lagrange.org\/?p=14908\" class=\"sya_postlink post-14908\" rel=\"bookmark\">Au fil des lectures &#8230; Le rayonnement du p\u00e8re Lagrange<\/a><\/div><\/li><li class=\"\"><div class=\"sya_postcontent\"><span class=\"sya_date\"> <span class=\"sya_sep\"> <\/span><\/span><a href=\"https:\/\/www.mj-lagrange.org\/?p=14897\" class=\"sya_postlink post-14897\" rel=\"bookmark\">\u00c9cho de notre page Facebook : juillet 2022<\/a><\/div><\/li><li class=\"\"><div class=\"sya_postcontent\"><span class=\"sya_date\"> <span class=\"sya_sep\"> <\/span><\/span><a href=\"https:\/\/www.mj-lagrange.org\/?p=14864\" class=\"sya_postlink post-14864\" rel=\"bookmark\">\u00c9cho de notre page Facebook : juin 2022<\/a><\/div><\/li><li class=\"\"><div class=\"sya_postcontent\"><span class=\"sya_date\"> <span class=\"sya_sep\"> <\/span><\/span><a href=\"https:\/\/www.mj-lagrange.org\/?p=14843\" class=\"sya_postlink post-14843\" rel=\"bookmark\">\u00c9cho de notre page Facebook : mai 2022<\/a><\/div><\/li><li class=\"\"><div class=\"sya_postcontent\"><span class=\"sya_date\"> <span class=\"sya_sep\"> <\/span><\/span><a href=\"https:\/\/www.mj-lagrange.org\/?p=14808\" class=\"sya_postlink post-14808\" rel=\"bookmark\">\u00c9cho de notre page Facebook : avril 2022<\/a><\/div><\/li><li class=\"\"><div class=\"sya_postcontent\"><span class=\"sya_date\"> <span class=\"sya_sep\"> <\/span><\/span><a href=\"https:\/\/www.mj-lagrange.org\/?p=14794\" class=\"sya_postlink post-14794\" rel=\"bookmark\">Paru sur Zenit : Saint Joseph dans les commentaires \u00e9vang\u00e9liques du p\u00e8re Lagrange par fr. Manuel Rivero, O. P.<\/a><\/div><\/li><li class=\"\"><div class=\"sya_postcontent\"><span class=\"sya_date\"> <span class=\"sya_sep\"> <\/span><\/span><a href=\"https:\/\/www.mj-lagrange.org\/?p=14780\" class=\"sya_postlink post-14780\" rel=\"bookmark\">\u00c9cho de notre page Facebook : mars 2022<\/a><\/div><\/li><li class=\"\"><div class=\"sya_postcontent\"><span class=\"sya_date\"> <span class=\"sya_sep\"> <\/span><\/span><a href=\"https:\/\/www.mj-lagrange.org\/?p=14764\" class=\"sya_postlink post-14764\" rel=\"bookmark\">\u00c9cho de notre page Facebook : f\u00e9vrier 2022<\/a><\/div><\/li><li class=\"\"><div class=\"sya_postcontent\"><span class=\"sya_date\"> <span class=\"sya_sep\"> <\/span><\/span><a href=\"https:\/\/www.mj-lagrange.org\/?p=14744\" class=\"sya_postlink post-14744\" rel=\"bookmark\">Lettre \u00e0 tous les membres et ami(e)s de la cause pour la b\u00e9atification du p\u00e8re Marie-Joseph Lagrange o.p. par fr. Manuel Rivero o.p.<\/a><\/div><\/li><li class=\"\"><div class=\"sya_postcontent\"><span class=\"sya_date\"> <span class=\"sya_sep\"> <\/span><\/span><a href=\"https:\/\/www.mj-lagrange.org\/?p=14736\" class=\"sya_postlink post-14736\" rel=\"bookmark\">Paru sur Zenit : L&rsquo;influence du p\u00e8re M.-J. Lagrange sur Jacques et Ra\u00efssa Maritain par fr. Manuel Rivero o.p.<\/a><\/div><\/li><li class=\"\"><div class=\"sya_postcontent\"><span class=\"sya_date\"> <span class=\"sya_sep\"> <\/span><\/span><a href=\"https:\/\/www.mj-lagrange.org\/?p=14726\" class=\"sya_postlink post-14726\" rel=\"bookmark\">\u00c9cho de notre page Facebook : janvier 2022<\/a><\/div><\/li><\/ul><a id=\"year2021\"><\/a>2021<ul><li class=\"\"><div class=\"sya_postcontent\"><span class=\"sya_date\"> <span class=\"sya_sep\"> <\/span><\/span><a href=\"https:\/\/www.mj-lagrange.org\/?p=14690\" class=\"sya_postlink post-14690\" rel=\"bookmark\">F\u00eate de l\u2019Immacul\u00e9e Conception, le 8 d\u00e9cembre 2021<\/a><\/div><\/li><li class=\"\"><div class=\"sya_postcontent\"><span class=\"sya_date\"> <span class=\"sya_sep\"> <\/span><\/span><a href=\"https:\/\/www.mj-lagrange.org\/?p=14680\" class=\"sya_postlink post-14680\" rel=\"bookmark\">\u00c9cho de notre page Facebook : d\u00e9cembre 2021<\/a><\/div><\/li><li class=\"\"><div class=\"sya_postcontent\"><span class=\"sya_date\"> <span class=\"sya_sep\"> <\/span><\/span><a href=\"https:\/\/www.mj-lagrange.org\/?p=14613\" class=\"sya_postlink post-14613\" rel=\"bookmark\">La mort, n\u00e9ant ou exp\u00e9rience de Dieu par Fr. Manuel Rivero o.p.<\/a><\/div><\/li><li class=\"\"><div class=\"sya_postcontent\"><span class=\"sya_date\"> <span class=\"sya_sep\"> <\/span><\/span><a href=\"https:\/\/www.mj-lagrange.org\/?p=14603\" class=\"sya_postlink post-14603\" rel=\"bookmark\">Chemin de R\u00e9surrection par fr. Manuel Rivero o.p.<\/a><\/div><\/li><li class=\"\"><div class=\"sya_postcontent\"><span class=\"sya_date\"> <span class=\"sya_sep\"> <\/span><\/span><a href=\"https:\/\/www.mj-lagrange.org\/?p=14597\" class=\"sya_postlink post-14597\" rel=\"bookmark\">\u00c9cho de notre page Facebook : novembre 2021<\/a><\/div><\/li><li class=\"\"><div class=\"sya_postcontent\"><span class=\"sya_date\"> <span class=\"sya_sep\"> <\/span><\/span><a href=\"https:\/\/www.mj-lagrange.org\/?p=14570\" class=\"sya_postlink post-14570\" rel=\"bookmark\">Sur Zenit : Journ\u00e9es Lagrange \u2013 Angelicum \u2013 Rome 23-24 octobre 2015 par fr. Manuel Rivero o.p. : Le P. Lagrange, harmonie de la foi, de la raison et de la culture<\/a><\/div><\/li><li class=\"\"><div class=\"sya_postcontent\"><span class=\"sya_date\"> <span class=\"sya_sep\"> <\/span><\/span><a href=\"https:\/\/www.mj-lagrange.org\/?p=14565\" class=\"sya_postlink post-14565\" rel=\"bookmark\">Paru sur Zenit : La cause de b\u00e9atification du P. Lagrange o.p. Intervention de fr. Manuel Rivero o.p. relat\u00e9e par Annie Bourdin<\/a><\/div><\/li><li class=\"\"><div class=\"sya_postcontent\"><span class=\"sya_date\"> <span class=\"sya_sep\"> <\/span><\/span><a href=\"https:\/\/www.mj-lagrange.org\/?p=14563\" class=\"sya_postlink post-14563\" rel=\"bookmark\">Paru sur Zenit : Les enjeux du \u00ab\u00a0Dimanche de la Parole de Dieu\u00a0\u00bb institu\u00e9 par le pape Fran\u00e7ois par fr. Manuel Rivero o.p.<\/a><\/div><\/li><li class=\"\"><div class=\"sya_postcontent\"><span class=\"sya_date\"> <span class=\"sya_sep\"> <\/span><\/span><a href=\"https:\/\/www.mj-lagrange.org\/?p=14558\" class=\"sya_postlink post-14558\" rel=\"bookmark\">Paru sur Zenit : Saint Joseph ouvrier, antidote d&rsquo; \u00ab\u00a0un catholicisme zombie\u00a0\u00bb par fr. Manuel Rivero o.p.<\/a><\/div><\/li><li class=\"\"><div class=\"sya_postcontent\"><span class=\"sya_date\"> <span class=\"sya_sep\"> <\/span><\/span><a href=\"https:\/\/www.mj-lagrange.org\/?p=14555\" class=\"sya_postlink post-14555\" rel=\"bookmark\">Paru sur Zenit : Qui est sainte Marie-Madeleine, disciple missionnaire par fr. Manuel Rivero o.p.<\/a><\/div><\/li><li class=\"\"><div class=\"sya_postcontent\"><span class=\"sya_date\"> <span class=\"sya_sep\"> <\/span><\/span><a href=\"https:\/\/www.mj-lagrange.org\/?p=14552\" class=\"sya_postlink post-14552\" rel=\"bookmark\">Paru sur Zenit : Octobre, le mois de la pri\u00e8re du Rosaire par fr. Manuel Rivero o.p.<\/a><\/div><\/li><li class=\"\"><div class=\"sya_postcontent\"><span class=\"sya_date\"> <span class=\"sya_sep\"> <\/span><\/span><a href=\"https:\/\/www.mj-lagrange.org\/?p=14549\" class=\"sya_postlink post-14549\" rel=\"bookmark\">Paru sur Zenit : La Vierge Marie, M\u00e8re de l&rsquo;\u00c9glise par fr. Manuel Rivero o.p.<\/a><\/div><\/li><li class=\"\"><div class=\"sya_postcontent\"><span class=\"sya_date\"> <span class=\"sya_sep\"> <\/span><\/span><a href=\"https:\/\/www.mj-lagrange.org\/?p=14545\" class=\"sya_postlink post-14545\" rel=\"bookmark\">Paru sur Zenit : Le P. Marie-Joseph Lagrange (+1938) et sainte Th\u00e9r\u00e8se de l&rsquo;Enfant-J\u00e9sus (+1897) par fr. Manuel Rivero o.p.<\/a><\/div><\/li><li class=\"\"><div class=\"sya_postcontent\"><span class=\"sya_date\"> <span class=\"sya_sep\"> <\/span><\/span><a href=\"https:\/\/www.mj-lagrange.org\/?p=14540\" class=\"sya_postlink post-14540\" rel=\"bookmark\">Paru sur Zenit : \u00ab\u00a0L\u2019\u00e9treinte de Dieu avec l\u2019humanit\u00e9 en J\u00e9sus Christ\u00a0\u00bb\u00a0: le p. Lagrange et le card. Tauran par fr. Manuel Rivero o.p.<\/a><\/div><\/li><li class=\"\"><div class=\"sya_postcontent\"><span class=\"sya_date\"> <span class=\"sya_sep\"> <\/span><\/span><a href=\"https:\/\/www.mj-lagrange.org\/?p=14536\" class=\"sya_postlink post-14536\" rel=\"bookmark\">Paru sur Zenit : L&rsquo;amour du p\u00e8re Lagrange pour le Coeur de J\u00e9sus par fr. Manuel Rivero o.p.<\/a><\/div><\/li><li class=\"\"><div class=\"sya_postcontent\"><span class=\"sya_date\"> <span class=\"sya_sep\"> <\/span><\/span><a href=\"https:\/\/www.mj-lagrange.org\/?p=14518\" class=\"sya_postlink post-14518\" rel=\"bookmark\">\u00c9cho de notre page Facebook : octobre 2021<\/a><\/div><\/li><li class=\"\"><div class=\"sya_postcontent\"><span class=\"sya_date\"> <span class=\"sya_sep\"> <\/span><\/span><a href=\"https:\/\/www.mj-lagrange.org\/?p=14515\" class=\"sya_postlink post-14515\" rel=\"bookmark\">Neuvaine \u00e0 Sainte Th\u00e9r\u00e8se de l&rsquo;Enfant J\u00e9sus et de la Sainte-Face par Fr. Manuel Rivero O.P.<\/a><\/div><\/li><li class=\"\"><div class=\"sya_postcontent\"><span class=\"sya_date\"> <span class=\"sya_sep\"> <\/span><\/span><a href=\"https:\/\/www.mj-lagrange.org\/?p=14512\" class=\"sya_postlink post-14512\" rel=\"bookmark\">Le p\u00e8re Lagrange et sainte Th\u00e9r\u00e8se de l&rsquo;Enfant J\u00e9sus et de la Sainte-Face par Manuel Rivero o.p.<\/a><\/div><\/li><li class=\"\"><div class=\"sya_postcontent\"><span class=\"sya_date\"> <span class=\"sya_sep\"> <\/span><\/span><a href=\"https:\/\/www.mj-lagrange.org\/?p=14496\" class=\"sya_postlink post-14496\" rel=\"bookmark\">\u00c9cho de notre page Facebook : septembre 2021<\/a><\/div><\/li><li class=\"\"><div class=\"sya_postcontent\"><span class=\"sya_date\"> <span class=\"sya_sep\"> <\/span><\/span><a href=\"https:\/\/www.mj-lagrange.org\/?p=14446\" class=\"sya_postlink post-14446\" rel=\"bookmark\">Nouvelles de fr\u00e8re Timothy Radcliffe o.p., ancien Ma\u00eetre de l&rsquo;Ordre<\/a><\/div><\/li><li class=\"\"><div class=\"sya_postcontent\"><span class=\"sya_date\"> <span class=\"sya_sep\"> <\/span><\/span><a href=\"https:\/\/www.mj-lagrange.org\/?p=14423\" class=\"sya_postlink post-14423\" rel=\"bookmark\">\u00c9cho de notre page Facebook : ao\u00fbt 2021<\/a><\/div><\/li><li class=\"\"><div class=\"sya_postcontent\"><span class=\"sya_date\"> <span class=\"sya_sep\"> <\/span><\/span><a href=\"https:\/\/www.mj-lagrange.org\/?p=14411\" class=\"sya_postlink post-14411\" rel=\"bookmark\">Qui est sainte Marie-Madeleine ? par fr\u00e8re Manuel Rivero o.p.<\/a><\/div><\/li><li class=\"\"><div class=\"sya_postcontent\"><span class=\"sya_date\"> <span class=\"sya_sep\"> <\/span><\/span><a href=\"https:\/\/www.mj-lagrange.org\/?p=14396\" class=\"sya_postlink post-14396\" rel=\"bookmark\">Marie-Joseph Lagrange (1855-1938) par J.-J. P\u00e9renn\u00e8s, directeur de l&rsquo;\u00c9cole biblique et arch\u00e9ologique fran\u00e7aise de J\u00e9rusalem<\/a><\/div><\/li><li class=\"\"><div class=\"sya_postcontent\"><span class=\"sya_date\"> <span class=\"sya_sep\"> <\/span><\/span><a href=\"https:\/\/www.mj-lagrange.org\/?p=14382\" class=\"sya_postlink post-14382\" rel=\"bookmark\">\u00c9cho de notre page Facebook : juillet 2021<\/a><\/div><\/li><li class=\"\"><div class=\"sya_postcontent\"><span class=\"sya_date\"> <span class=\"sya_sep\"> <\/span><\/span><a href=\"https:\/\/www.mj-lagrange.org\/?p=14371\" class=\"sya_postlink post-14371\" rel=\"bookmark\">Nouvelles de l&rsquo;association et appel de cotisations<\/a><\/div><\/li><li class=\"\"><div class=\"sya_postcontent\"><span class=\"sya_date\"> <span class=\"sya_sep\"> <\/span><\/span><a href=\"https:\/\/www.mj-lagrange.org\/?p=14347\" class=\"sya_postlink post-14347\" rel=\"bookmark\">\u00c9cho de notre page Facebook : juin 2021<\/a><\/div><\/li><li class=\"\"><div class=\"sya_postcontent\"><span class=\"sya_date\"> <span class=\"sya_sep\"> <\/span><\/span><a href=\"https:\/\/www.mj-lagrange.org\/?p=14333\" class=\"sya_postlink post-14333\" rel=\"bookmark\">Deux pri\u00e8res pour pr\u00e9parer les coeurs au t\u00e9moignage et \u00e0 l&rsquo;animation liturgique des assembl\u00e9es de pri\u00e8re ou des temps de formation par Fr. Manuel Rivero o.p.<\/a><\/div><\/li><li class=\"\"><div class=\"sya_postcontent\"><span class=\"sya_date\"> <span class=\"sya_sep\"> <\/span><\/span><a href=\"https:\/\/www.mj-lagrange.org\/?p=14276\" class=\"sya_postlink post-14276\" rel=\"bookmark\">Les vingt myst\u00e8res du Rosaire pour \u00eatre d\u00e9livr\u00e9s de la pand\u00e9mie par Manuel Rivero o.p.<\/a><\/div><\/li><li class=\"\"><div class=\"sya_postcontent\"><span class=\"sya_date\"> <span class=\"sya_sep\"> <\/span><\/span><a href=\"https:\/\/www.mj-lagrange.org\/?p=14225\" class=\"sya_postlink post-14225\" rel=\"bookmark\">Actualit\u00e9s &#8211; \u00c9cho de notre page Facebook : mai 2021<\/a><\/div><\/li><li class=\"\"><div class=\"sya_postcontent\"><span class=\"sya_date\"> <span class=\"sya_sep\"> <\/span><\/span><a href=\"https:\/\/www.mj-lagrange.org\/?p=14208\" class=\"sya_postlink post-14208\" rel=\"bookmark\">T\u00e9moignage du cardinal E. Pacelli<\/a><\/div><\/li><li class=\"\"><div class=\"sya_postcontent\"><span class=\"sya_date\"> <span class=\"sya_sep\"> <\/span><\/span><a href=\"https:\/\/www.mj-lagrange.org\/?p=14187\" class=\"sya_postlink post-14187\" rel=\"bookmark\">T\u00e9moignage : Le p\u00e8re Lagrange par Jean Guitton de l\u2019Acad\u00e9mie fran\u00e7aise<\/a><\/div><\/li><li class=\"\"><div class=\"sya_postcontent\"><span class=\"sya_date\"> <span class=\"sya_sep\"> <\/span><\/span><a href=\"https:\/\/www.mj-lagrange.org\/?p=14180\" class=\"sya_postlink post-14180\" rel=\"bookmark\">Le rayonnement du p\u00e8re Lagrange : Dictionnaire J\u00e9sus par l&rsquo;\u00c9cole biblique de J\u00e9rusalem. \u00c9dition \u00e9tablie sous la direction de Renaud Silly o.p.<\/a><\/div><\/li><li class=\"\"><div class=\"sya_postcontent\"><span class=\"sya_date\"> <span class=\"sya_sep\"> <\/span><\/span><a href=\"https:\/\/www.mj-lagrange.org\/?p=14177\" class=\"sya_postlink post-14177\" rel=\"bookmark\">Les saints dominicains : Marie-Joseph Lagrange o.p. par Thomas-Marie Gillet o.p. (Radio-Maria France)<\/a><\/div><\/li><li class=\"\"><div class=\"sya_postcontent\"><span class=\"sya_date\"> <span class=\"sya_sep\"> <\/span><\/span><a href=\"https:\/\/www.mj-lagrange.org\/?p=14171\" class=\"sya_postlink post-14171\" rel=\"bookmark\">T\u00e9moignage du cardinal Roger Etchegaray<\/a><\/div><\/li><li class=\"\"><div class=\"sya_postcontent\"><span class=\"sya_date\"> <span class=\"sya_sep\"> <\/span><\/span><a href=\"https:\/\/www.mj-lagrange.org\/?p=14168\" class=\"sya_postlink post-14168\" rel=\"bookmark\">T\u00e9moignage du P. Maurice Gilbert, s.j. qui a collabor\u00e9 au projet de b\u00e9atification du p\u00e8re Lagrange, o. p.<\/a><\/div><\/li><li class=\"\"><div class=\"sya_postcontent\"><span class=\"sya_date\"> <span class=\"sya_sep\"> <\/span><\/span><a href=\"https:\/\/www.mj-lagrange.org\/?p=14163\" class=\"sya_postlink post-14163\" rel=\"bookmark\">T\u00e9moignage du P. Maurice Gilbert, s. j. en remerciement d&rsquo;un exemplaire du Journal spirituel du P. Lagrange<\/a><\/div><\/li><li class=\"\"><div class=\"sya_postcontent\"><span class=\"sya_date\"> <span class=\"sya_sep\"> <\/span><\/span><a href=\"https:\/\/www.mj-lagrange.org\/?p=14160\" class=\"sya_postlink post-14160\" rel=\"bookmark\">T\u00e9moignage de Mgr Gilbert Aubry, \u00e9v\u00eaque de La R\u00e9union<\/a><\/div><\/li><li class=\"\"><div class=\"sya_postcontent\"><span class=\"sya_date\"> <span class=\"sya_sep\"> <\/span><\/span><a href=\"https:\/\/www.mj-lagrange.org\/?p=14130\" class=\"sya_postlink post-14130\" rel=\"bookmark\">T\u00e9moignage de Maurice Zundel sur l&rsquo;oeuvre du p\u00e8re Lagrange<\/a><\/div><\/li><li class=\"\"><div class=\"sya_postcontent\"><span class=\"sya_date\"> <span class=\"sya_sep\"> <\/span><\/span><a href=\"https:\/\/www.mj-lagrange.org\/?p=14096\" class=\"sya_postlink post-14096\" rel=\"bookmark\">\u00c9cho de notre page Facebook : avril 2021<\/a><\/div><\/li><li class=\"\"><div class=\"sya_postcontent\"><span class=\"sya_date\"> <span class=\"sya_sep\"> <\/span><\/span><a href=\"https:\/\/www.mj-lagrange.org\/?p=14041\" class=\"sya_postlink post-14041\" rel=\"bookmark\">\u00c9cho de notre page Facebook : mars 2021<\/a><\/div><\/li><li class=\"\"><div class=\"sya_postcontent\"><span class=\"sya_date\"> <span class=\"sya_sep\"> <\/span><\/span><a href=\"https:\/\/www.mj-lagrange.org\/?p=13963\" class=\"sya_postlink post-13963\" rel=\"bookmark\">Hommage au fr\u00e8re Paul Amargier O.P., par le fr\u00e8re Manuel Rivero O.P.<\/a><\/div><\/li><li class=\"\"><div class=\"sya_postcontent\"><span class=\"sya_date\"> <span class=\"sya_sep\"> <\/span><\/span><a href=\"https:\/\/www.mj-lagrange.org\/?p=13960\" class=\"sya_postlink post-13960\" rel=\"bookmark\">Nouveau  Testament-La Pr\u00e9sentation de J\u00e9sus au Temple par fr. Marie-Joseph Lagrange O.P.<\/a><\/div><\/li><li class=\"\"><div class=\"sya_postcontent\"><span class=\"sya_date\"> <span class=\"sya_sep\"> <\/span><\/span><a href=\"https:\/\/www.mj-lagrange.org\/?p=13950\" class=\"sya_postlink post-13950\" rel=\"bookmark\">\u00c9cho de notre page Facebook : f\u00e9vrier 2021<\/a><\/div><\/li><li class=\"\"><div class=\"sya_postcontent\"><span class=\"sya_date\"> <span class=\"sya_sep\"> <\/span><\/span><a href=\"https:\/\/www.mj-lagrange.org\/?p=13904\" class=\"sya_postlink post-13904\" rel=\"bookmark\">Reliques : Information pour tous nos amis qui nous demandent souvent des reliques du Serviteur de Dieu Marie-Joseph Lagrange o.p.<\/a><\/div><\/li><li class=\"\"><div class=\"sya_postcontent\"><span class=\"sya_date\"> <span class=\"sya_sep\"> <\/span><\/span><a href=\"https:\/\/www.mj-lagrange.org\/?p=13882\" class=\"sya_postlink post-13882\" rel=\"bookmark\">T\u00e9moignage : Le fr\u00e8re Jean-Marie M\u00e9rigoux O.P. (1938-2020) et son attachement au p\u00e8re Marie-Joseph Lagrange par Fr. Manuel Rivero O.P.<\/a><\/div><\/li><li class=\"\"><div class=\"sya_postcontent\"><span class=\"sya_date\"> <span class=\"sya_sep\"> <\/span><\/span><a href=\"https:\/\/www.mj-lagrange.org\/?p=13858\" class=\"sya_postlink post-13858\" rel=\"bookmark\">\u00c9cho de notre page Facebook : janvier 2021<\/a><\/div><\/li><\/ul><a id=\"year2020\"><\/a>2020<ul><li class=\"\"><div class=\"sya_postcontent\"><span class=\"sya_date\"> <span class=\"sya_sep\"> <\/span><\/span><a href=\"https:\/\/www.mj-lagrange.org\/?p=13837\" class=\"sya_postlink post-13837\" rel=\"bookmark\">M\u00e9diter les Myst\u00e8res Joyeux du Rosaire par fr. Manuel Rivero o.p.<\/a><\/div><\/li><li class=\"\"><div class=\"sya_postcontent\"><span class=\"sya_date\"> <span class=\"sya_sep\"> <\/span><\/span><a href=\"https:\/\/www.mj-lagrange.org\/?p=13784\" class=\"sya_postlink post-13784\" rel=\"bookmark\">Neuvaine de pri\u00e8res propos\u00e9e par le Dioc\u00e8se de Belley-Ars<\/a><\/div><\/li><li class=\"\"><div class=\"sya_postcontent\"><span class=\"sya_date\"> <span class=\"sya_sep\"> <\/span><\/span><a href=\"https:\/\/www.mj-lagrange.org\/?p=13762\" class=\"sya_postlink post-13762\" rel=\"bookmark\">\u00c9cho de notre page Facebook : d\u00e9cembre 2020<\/a><\/div><\/li><li class=\"\"><div class=\"sya_postcontent\"><span class=\"sya_date\"> <span class=\"sya_sep\"> <\/span><\/span><a href=\"https:\/\/www.mj-lagrange.org\/?p=13693\" class=\"sya_postlink post-13693\" rel=\"bookmark\">\u00c9cho de notre page Facebook : novembre 2020<\/a><\/div><\/li><li class=\"\"><div class=\"sya_postcontent\"><span class=\"sya_date\"> <span class=\"sya_sep\"> <\/span><\/span><a href=\"https:\/\/www.mj-lagrange.org\/?p=13684\" class=\"sya_postlink post-13684\" rel=\"bookmark\">L\u2019\u00e9treinte de Dieu avec l\u2019humanit\u00e9 en J\u00e9sus Christ : Enseignement du p\u00e8re Lagrange O.P. et du cardinal Tauran par Fr. Manuel Rivero O.P.<\/a><\/div><\/li><li class=\"\"><div class=\"sya_postcontent\"><span class=\"sya_date\"> <span class=\"sya_sep\"> <\/span><\/span><a href=\"https:\/\/www.mj-lagrange.org\/?p=13645\" class=\"sya_postlink post-13645\" rel=\"bookmark\">Les Sept Paroles du Christ en Croix &#8211; F\u00eate de la Croix Glorieuse par Fr. Manuel Rivero O.P.<\/a><\/div><\/li><li class=\"\"><div class=\"sya_postcontent\"><span class=\"sya_date\"> <span class=\"sya_sep\"> <\/span><\/span><a href=\"https:\/\/www.mj-lagrange.org\/?p=13635\" class=\"sya_postlink post-13635\" rel=\"bookmark\">\u00c9cho de notre page Facebook : octobre 2020<\/a><\/div><\/li><li class=\"\"><div class=\"sya_postcontent\"><span class=\"sya_date\"> <span class=\"sya_sep\"> <\/span><\/span><a href=\"https:\/\/www.mj-lagrange.org\/?p=13631\" class=\"sya_postlink post-13631\" rel=\"bookmark\">Belle f\u00eate de Notre-Dame du Mont-Carmel en ce 16 juillet. Le p\u00e8re Lagrange v\u00e9n\u00e9rait profond\u00e9ment la Vierge Immacul\u00e9e par Fr. Manuel Rivero O.P.<\/a><\/div><\/li><li class=\"\"><div class=\"sya_postcontent\"><span class=\"sya_date\"> <span class=\"sya_sep\"> <\/span><\/span><a href=\"https:\/\/www.mj-lagrange.org\/?p=13615\" class=\"sya_postlink post-13615\" rel=\"bookmark\">Le p\u00e8re Marie-Joseph Lagrange et le p\u00e8re Pedro Arrupe, deux proph\u00e8tes en voie de b\u00e9atification par Manuel Rivero O.P.<\/a><\/div><\/li><li class=\"\"><div class=\"sya_postcontent\"><span class=\"sya_date\"> <span class=\"sya_sep\"> <\/span><\/span><a href=\"https:\/\/www.mj-lagrange.org\/?p=13608\" class=\"sya_postlink post-13608\" rel=\"bookmark\">Octobre, le mois de la pri\u00e8re du Rosaire par Fr. Manuel Rivero O.P.<\/a><\/div><\/li><li class=\"\"><div class=\"sya_postcontent\"><span class=\"sya_date\"> <span class=\"sya_sep\"> <\/span><\/span><a href=\"https:\/\/www.mj-lagrange.org\/?p=13562\" class=\"sya_postlink post-13562\" rel=\"bookmark\">\u00c9cho de notre page Facebook : septembre 2020<\/a><\/div><\/li><li class=\"\"><div class=\"sya_postcontent\"><span class=\"sya_date\"> <span class=\"sya_sep\"> <\/span><\/span><a href=\"https:\/\/www.mj-lagrange.org\/?p=13495\" class=\"sya_postlink post-13495\" rel=\"bookmark\">\u00c9cho de notre page Facebook : ao\u00fbt 2020<\/a><\/div><\/li><li class=\"\"><div class=\"sya_postcontent\"><span class=\"sya_date\"> <span class=\"sya_sep\"> <\/span><\/span><a href=\"https:\/\/www.mj-lagrange.org\/?p=13458\" class=\"sya_postlink post-13458\" rel=\"bookmark\">M\u00e9ditations des myst\u00e8res lumineux par fr. Manuel Rivero<\/a><\/div><\/li><li class=\"\"><div class=\"sya_postcontent\"><span class=\"sya_date\"> <span class=\"sya_sep\"> <\/span><\/span><a href=\"https:\/\/www.mj-lagrange.org\/?p=13433\" class=\"sya_postlink post-13433\" rel=\"bookmark\">\u00c9cho de notre page Facebook : juillet 2020<\/a><\/div><\/li><li class=\"\"><div class=\"sya_postcontent\"><span class=\"sya_date\"> <span class=\"sya_sep\"> <\/span><\/span><a href=\"https:\/\/www.mj-lagrange.org\/?p=13406\" class=\"sya_postlink post-13406\" rel=\"bookmark\">L&rsquo;ex\u00e9g\u00e8se biblique du Serviteur de Dieu Marie-Joseph Lagrange (1855-1938) Une lecture th\u00e9ologique<\/a><\/div><\/li><li class=\"\"><div class=\"sya_postcontent\"><span class=\"sya_date\"> <span class=\"sya_sep\"> <\/span><\/span><a href=\"https:\/\/www.mj-lagrange.org\/?p=13396\" class=\"sya_postlink post-13396\" rel=\"bookmark\">Bulletin Adh\u00e9sion 2021<\/a><\/div><\/li><li class=\"\"><div class=\"sya_postcontent\"><span class=\"sya_date\"> <span class=\"sya_sep\"> <\/span><\/span><a href=\"https:\/\/www.mj-lagrange.org\/?p=13361\" class=\"sya_postlink post-13361\" rel=\"bookmark\">T\u00e9moignage-Hommage de Mgr Charles Molette en faveur du p\u00e8re Lagrange<\/a><\/div><\/li><li class=\"\"><div class=\"sya_postcontent\"><span class=\"sya_date\"> <span class=\"sya_sep\"> <\/span><\/span><a href=\"https:\/\/www.mj-lagrange.org\/?p=13351\" class=\"sya_postlink post-13351\" rel=\"bookmark\">\u00c9cho de notre Page Facebook : juin 2020<\/a><\/div><\/li><li class=\"\"><div class=\"sya_postcontent\"><span class=\"sya_date\"> <span class=\"sya_sep\"> <\/span><\/span><a href=\"https:\/\/www.mj-lagrange.org\/?p=13346\" class=\"sya_postlink post-13346\" rel=\"bookmark\">T\u00e9moignage du Bienheureux P. Giuseppe Girotti sur le P. Lagrange<\/a><\/div><\/li><li class=\"\"><div class=\"sya_postcontent\"><span class=\"sya_date\"> <span class=\"sya_sep\"> <\/span><\/span><a href=\"https:\/\/www.mj-lagrange.org\/?p=13301\" class=\"sya_postlink post-13301\" rel=\"bookmark\">\u00c9cho de notre page Facebook : mai 2020<\/a><\/div><\/li><li class=\"\"><div class=\"sya_postcontent\"><span class=\"sya_date\"> <span class=\"sya_sep\"> <\/span><\/span><a href=\"https:\/\/www.mj-lagrange.org\/?p=13255\" class=\"sya_postlink post-13255\" rel=\"bookmark\">\u00c9cho de notre page Facebook : avril 2020<\/a><\/div><\/li><li class=\"\"><div class=\"sya_postcontent\"><span class=\"sya_date\"> <span class=\"sya_sep\"> <\/span><\/span><a href=\"https:\/\/www.mj-lagrange.org\/?p=13229\" class=\"sya_postlink post-13229\" rel=\"bookmark\">\u00c9cho de notre page Facebook : mars 2020<\/a><\/div><\/li><li class=\"\"><div class=\"sya_postcontent\"><span class=\"sya_date\"> <span class=\"sya_sep\"> <\/span><\/span><a href=\"https:\/\/www.mj-lagrange.org\/?p=13223\" class=\"sya_postlink post-13223\" rel=\"bookmark\">L&rsquo;ex\u00e9g\u00e8se biblique du Serviteur de Dieu Marie-Joseph Lagrange (1455-1938). Une lecture th\u00e9ologique &#8211; Bologne, Couvent Saint-Dominique, les 17-18 mars 2020<\/a><\/div><\/li><li class=\"\"><div class=\"sya_postcontent\"><span class=\"sya_date\"> <span class=\"sya_sep\"> <\/span><\/span><a href=\"https:\/\/www.mj-lagrange.org\/?p=13204\" class=\"sya_postlink post-13204\" rel=\"bookmark\">\u00c9cho de notre page Facebook : f\u00e9vrier 2020<\/a><\/div><\/li><li class=\"\"><div class=\"sya_postcontent\"><span class=\"sya_date\"> <span class=\"sya_sep\"> <\/span><\/span><a href=\"https:\/\/www.mj-lagrange.org\/?p=13183\" class=\"sya_postlink post-13183\" rel=\"bookmark\">2020 ! Voeux du pr\u00e9sident de l&rsquo;association des amis du p\u00e8re Lagrange fr. Manuel Rivero, o.p.<\/a><\/div><\/li><li class=\"\"><div class=\"sya_postcontent\"><span class=\"sya_date\"> <span class=\"sya_sep\"> <\/span><\/span><a href=\"https:\/\/www.mj-lagrange.org\/?p=13180\" class=\"sya_postlink post-13180\" rel=\"bookmark\">Rosaire, radio Arc-en-ciel (Saint-Denis-La R\u00e9union) 6 janvier 2020 par fr. Manuel Rivero o.p.<\/a><\/div><\/li><\/ul><a id=\"year2019\"><\/a>2019<ul><li class=\"\"><div class=\"sya_postcontent\"><span class=\"sya_date\"> <span class=\"sya_sep\"> <\/span><\/span><a href=\"https:\/\/www.mj-lagrange.org\/?p=13164\" class=\"sya_postlink post-13164\" rel=\"bookmark\">\u00c9cho de notre Page Facebook : janvier 2020<\/a><\/div><\/li><li class=\"\"><div class=\"sya_postcontent\"><span class=\"sya_date\"> <span class=\"sya_sep\"> <\/span><\/span><a href=\"https:\/\/www.mj-lagrange.org\/?p=13104\" class=\"sya_postlink post-13104\" rel=\"bookmark\">\u00c9cho de notre page Facebook : d\u00e9cembre 2019<\/a><\/div><\/li><li class=\"\"><div class=\"sya_postcontent\"><span class=\"sya_date\"> <span class=\"sya_sep\"> <\/span><\/span><a href=\"https:\/\/www.mj-lagrange.org\/?p=13101\" class=\"sya_postlink post-13101\" rel=\"bookmark\">Centenaire de l&rsquo;\u00c9cole arch\u00e9ologique fran\u00e7aise de J\u00e9rusalem<\/a><\/div><\/li><li class=\"\"><div class=\"sya_postcontent\"><span class=\"sya_date\"> <span class=\"sya_sep\"> <\/span><\/span><a href=\"https:\/\/www.mj-lagrange.org\/?p=13036\" class=\"sya_postlink post-13036\" rel=\"bookmark\">Extraits-Saint Ignace d&rsquo;Antioche, \u00e9v\u00eaque, P\u00e8re apostolique, martyr, f\u00eat\u00e9 le 17 octobre &#8211; Emprunts johanniques d&rsquo;apr\u00e8s M.-J. Lagrange o.p., \u00c9vangile selon S. Jean, Paris, 1936, p. XXVI<\/a><\/div><\/li><li class=\"\"><div class=\"sya_postcontent\"><span class=\"sya_date\"> <span class=\"sya_sep\"> <\/span><\/span><a href=\"https:\/\/www.mj-lagrange.org\/?p=13030\" class=\"sya_postlink post-13030\" rel=\"bookmark\">Lettre du pr\u00e9sident de l&rsquo;association, Fr. Manuel Rivero o.p., aux amis, le 29 octobre 2019<\/a><\/div><\/li><li class=\"\"><div class=\"sya_postcontent\"><span class=\"sya_date\"> <span class=\"sya_sep\"> <\/span><\/span><a href=\"https:\/\/www.mj-lagrange.org\/?p=13027\" class=\"sya_postlink post-13027\" rel=\"bookmark\">\u00c9cho de notre page Facebook : novembre 2019<\/a><\/div><\/li><li class=\"\"><div class=\"sya_postcontent\"><span class=\"sya_date\"> <span class=\"sya_sep\"> <\/span><\/span><a href=\"https:\/\/www.mj-lagrange.org\/?p=13024\" class=\"sya_postlink post-13024\" rel=\"bookmark\">La d\u00e9votion du p\u00e8re Lagrange au Sacr\u00e9-C\u0153ur de J\u00e9sus par Fr. Manuel Rivero o.p.<\/a><\/div><\/li><li class=\"\"><div class=\"sya_postcontent\"><span class=\"sya_date\"> <span class=\"sya_sep\"> <\/span><\/span><a href=\"https:\/\/www.mj-lagrange.org\/?p=13022\" class=\"sya_postlink post-13022\" rel=\"bookmark\">Prier le Rosaire avec les \u00c9quipes Notre-Dame de St-Denis de La R\u00e9union<\/a><\/div><\/li><li class=\"\"><div class=\"sya_postcontent\"><span class=\"sya_date\"> <span class=\"sya_sep\"> <\/span><\/span><a href=\"https:\/\/www.mj-lagrange.org\/?p=12983\" class=\"sya_postlink post-12983\" rel=\"bookmark\">Les enjeux du \u00ab\u00a0Dimanche de la Parole de Dieu\u00a0\u00bb, institu\u00e9 par le pape Fran\u00e7ois, et le p\u00e8re Lagrange par Fr. Manuel Rivero o. p.<\/a><\/div><\/li><li class=\"\"><div class=\"sya_postcontent\"><span class=\"sya_date\"> <span class=\"sya_sep\"> <\/span><\/span><a href=\"https:\/\/www.mj-lagrange.org\/?p=12962\" class=\"sya_postlink post-12962\" rel=\"bookmark\">\u00c9cho de notre page Facebook : octobre 2019<\/a><\/div><\/li><li class=\"\"><div class=\"sya_postcontent\"><span class=\"sya_date\"> <span class=\"sya_sep\"> <\/span><\/span><a href=\"https:\/\/www.mj-lagrange.org\/?p=12934\" class=\"sya_postlink post-12934\" rel=\"bookmark\">\u00c9cho de notre page Facebook : septembre 2019<\/a><\/div><\/li><li class=\"\"><div class=\"sya_postcontent\"><span class=\"sya_date\"> <span class=\"sya_sep\"> <\/span><\/span><a href=\"https:\/\/www.mj-lagrange.org\/?p=12930\" class=\"sya_postlink post-12930\" rel=\"bookmark\">Actualit\u00e9 de la cause de b\u00e9atification du Serviteur de Dieu, Marie-Joseph Lagrange o. p.<\/a><\/div><\/li><li class=\"\"><div class=\"sya_postcontent\"><span class=\"sya_date\"> <span class=\"sya_sep\"> <\/span><\/span><a href=\"https:\/\/www.mj-lagrange.org\/?p=12888\" class=\"sya_postlink post-12888\" rel=\"bookmark\">\u00c9cho de notre page Facebook : ao\u00fbt 2019<\/a><\/div><\/li><li class=\"\"><div class=\"sya_postcontent\"><span class=\"sya_date\"> <span class=\"sya_sep\"> <\/span><\/span><a href=\"https:\/\/www.mj-lagrange.org\/?p=12809\" class=\"sya_postlink post-12809\" rel=\"bookmark\">\u00c9cho de notre page Facebook : juillet 2019<\/a><\/div><\/li><li class=\"\"><div class=\"sya_postcontent\"><span class=\"sya_date\"> <span class=\"sya_sep\"> <\/span><\/span><a href=\"https:\/\/www.mj-lagrange.org\/?p=12788\" class=\"sya_postlink post-12788\" rel=\"bookmark\">La Vierge Marie, th\u00e9ologienne par fr. Manuel Rivero, O.P.<\/a><\/div><\/li><li class=\"\"><div class=\"sya_postcontent\"><span class=\"sya_date\"> <span class=\"sya_sep\"> <\/span><\/span><a href=\"https:\/\/www.mj-lagrange.org\/?p=12713\" class=\"sya_postlink post-12713\" rel=\"bookmark\">\u00c9cho de notre page Facebook : juin 2019<\/a><\/div><\/li><li class=\"\"><div class=\"sya_postcontent\"><span class=\"sya_date\"> <span class=\"sya_sep\"> <\/span><\/span><a href=\"https:\/\/www.mj-lagrange.org\/?p=12671\" class=\"sya_postlink post-12671\" rel=\"bookmark\">13 mai 2019 : F\u00eate de Notre-Dame de Fatima par fr. Manuel Rivero o.p.<\/a><\/div><\/li><li class=\"\"><div class=\"sya_postcontent\"><span class=\"sya_date\"> <span class=\"sya_sep\"> <\/span><\/span><a href=\"https:\/\/www.mj-lagrange.org\/?p=12667\" class=\"sya_postlink post-12667\" rel=\"bookmark\">Extraits-10 mai 2019 : \u00ab\u00a0S&rsquo;abandonner \u00e0 l&rsquo;\u00e9treinte de Dieu en J\u00e9sus-Christ\u00a0\u00bb par le p\u00e8re Marie-Joseph Lagrange o.p.<\/a><\/div><\/li><li class=\"\"><div class=\"sya_postcontent\"><span class=\"sya_date\"> <span class=\"sya_sep\"> <\/span><\/span><a href=\"https:\/\/www.mj-lagrange.org\/?p=12655\" class=\"sya_postlink post-12655\" rel=\"bookmark\">T\u00e9moignage sur KTO du fr. Jean-Baptiste Humbert op sur l&rsquo;arch\u00e9ologie biblique \u00e0 partir de son novateur le P. Lagrange<\/a><\/div><\/li><li class=\"\"><div class=\"sya_postcontent\"><span class=\"sya_date\"> <span class=\"sya_sep\"> <\/span><\/span><a href=\"https:\/\/www.mj-lagrange.org\/?p=12644\" class=\"sya_postlink post-12644\" rel=\"bookmark\">\u00c9cho de notre page Facebook : mai 2019<\/a><\/div><\/li><li class=\"\"><div class=\"sya_postcontent\"><span class=\"sya_date\"> <span class=\"sya_sep\"> <\/span><\/span><a href=\"https:\/\/www.mj-lagrange.org\/?p=12579\" class=\"sya_postlink post-12579\" rel=\"bookmark\">\u00c9cho de notre page Facebook : avril 2019<\/a><\/div><\/li><li class=\"\"><div class=\"sya_postcontent\"><span class=\"sya_date\"> <span class=\"sya_sep\"> <\/span><\/span><a href=\"https:\/\/www.mj-lagrange.org\/?p=12566\" class=\"sya_postlink post-12566\" rel=\"bookmark\">Rosaire, radio Arc-en-ciel, le 18 mars 2019. Rosaire avec saint Joseph par Fr. Manuel Rivero O.P.<\/a><\/div><\/li><li class=\"\"><div class=\"sya_postcontent\"><span class=\"sya_date\"> <span class=\"sya_sep\"> <\/span><\/span><a href=\"https:\/\/www.mj-lagrange.org\/?p=12562\" class=\"sya_postlink post-12562\" rel=\"bookmark\">19 mars 2019. Lectio Divina : Joseph assume la responsabilit\u00e9 l\u00e9gale de J\u00e9sus par Marie-Joseph Lagrange des fr\u00e8res Pr\u00eacheurs<\/a><\/div><\/li><li class=\"\"><div class=\"sya_postcontent\"><span class=\"sya_date\"> <span class=\"sya_sep\"> <\/span><\/span><a href=\"https:\/\/www.mj-lagrange.org\/?p=12545\" class=\"sya_postlink post-12545\" rel=\"bookmark\">\u00c9cho de notre page Facebook : mars 2019<\/a><\/div><\/li><li class=\"\"><div class=\"sya_postcontent\"><span class=\"sya_date\"> <span class=\"sya_sep\"> <\/span><\/span><a href=\"https:\/\/www.mj-lagrange.org\/?p=12503\" class=\"sya_postlink post-12503\" rel=\"bookmark\">\u00c9cho de notre page Facebook : f\u00e9vrier 2019<\/a><\/div><\/li><li class=\"\"><div class=\"sya_postcontent\"><span class=\"sya_date\"> <span class=\"sya_sep\"> <\/span><\/span><a href=\"https:\/\/www.mj-lagrange.org\/?p=12418\" class=\"sya_postlink post-12418\" rel=\"bookmark\">\u00c9crits de circonstances : L&rsquo;exp\u00e9rience du d\u00e9sert par le p\u00e8re Marie-Joseph Lagrange o. p.<\/a><\/div><\/li><li class=\"\"><div class=\"sya_postcontent\"><span class=\"sya_date\"> <span class=\"sya_sep\"> <\/span><\/span><a href=\"https:\/\/www.mj-lagrange.org\/?p=12321\" class=\"sya_postlink post-12321\" rel=\"bookmark\">Chronologie du p\u00e8re Marie-Joseph Lagrange des fr\u00e8res Pr\u00eacheurs par fr. Bernard Montagnes o.p.<\/a><\/div><\/li><li class=\"\"><div class=\"sya_postcontent\"><span class=\"sya_date\"> <span class=\"sya_sep\"> <\/span><\/span><a href=\"https:\/\/www.mj-lagrange.org\/?p=12312\" class=\"sya_postlink post-12312\" rel=\"bookmark\">Marie-Joseph Lagrange. Une biographie critique par Bernard Montagnes. Recension par Pierre Gendron<\/a><\/div><\/li><li class=\"\"><div class=\"sya_postcontent\"><span class=\"sya_date\"> <span class=\"sya_sep\"> <\/span><\/span><a href=\"https:\/\/www.mj-lagrange.org\/?p=12308\" class=\"sya_postlink post-12308\" rel=\"bookmark\">Le Journal spirituel du p\u00e8re Marie-Joseph Lagrange 1879-1932. Recension par Laurent Camiade<\/a><\/div><\/li><li class=\"\"><div class=\"sya_postcontent\"><span class=\"sya_date\"> <span class=\"sya_sep\"> <\/span><\/span><a href=\"https:\/\/www.mj-lagrange.org\/?p=12304\" class=\"sya_postlink post-12304\" rel=\"bookmark\">Le p\u00e8re Marie-Joseph Lagrange. Sa vie. Son oeuvre par Louis-Hugues Vincent. Recension par Philippe Roy-Lysencourt<\/a><\/div><\/li><li class=\"\"><div class=\"sya_postcontent\"><span class=\"sya_date\"> <span class=\"sya_sep\"> <\/span><\/span><a href=\"https:\/\/www.mj-lagrange.org\/?p=12294\" class=\"sya_postlink post-12294\" rel=\"bookmark\">Hommage au p\u00e8re Lagrange pour ses noces d&rsquo;or par Gonzague Ryckmans<\/a><\/div><\/li><li class=\"\"><div class=\"sya_postcontent\"><span class=\"sya_date\"> <span class=\"sya_sep\"> <\/span><\/span><a href=\"https:\/\/www.mj-lagrange.org\/?p=12285\" class=\"sya_postlink post-12285\" rel=\"bookmark\">Ancien Testament : Les sources du Pentateuque par Fr. Marie-Joseph Lagrange des fr\u00e8res Pr\u00eacheurs<\/a><\/div><\/li><li class=\"\"><div class=\"sya_postcontent\"><span class=\"sya_date\"> <span class=\"sya_sep\"> <\/span><\/span><a href=\"https:\/\/www.mj-lagrange.org\/?p=12197\" class=\"sya_postlink post-12197\" rel=\"bookmark\">Hom\u00e9lie du 20 f\u00e9vrier 2018 par fr. Augustin Laffay aux obs\u00e8ques du fr\u00e8re Beno\u00eet Montagnes, qui consacra vingt ann\u00e9es de sa vie \u00e0 la cause de b\u00e9atification du p\u00e8re Lagrange<\/a><\/div><\/li><li class=\"\"><div class=\"sya_postcontent\"><span class=\"sya_date\"> <span class=\"sya_sep\"> <\/span><\/span><a href=\"https:\/\/www.mj-lagrange.org\/?p=12176\" class=\"sya_postlink post-12176\" rel=\"bookmark\">La vie de l&rsquo;association des amis du p\u00e8re Lagrange depuis sa cr\u00e9ation et Voeux 2019<\/a><\/div><\/li><li class=\"\"><div class=\"sya_postcontent\"><span class=\"sya_date\"> <span class=\"sya_sep\"> <\/span><\/span><a href=\"https:\/\/www.mj-lagrange.org\/?p=12149\" class=\"sya_postlink post-12149\" rel=\"bookmark\">Fr. Marie-Joseph Lagrange o.p. : La saintet\u00e9 de l&rsquo;intelligence de la foi, conf\u00e9rence par fr. Manuel Rivero o.p., le 9 mars 2018 \u00e0 Tananarive<\/a><\/div><\/li><li class=\"\"><div class=\"sya_postcontent\"><span class=\"sya_date\"> <span class=\"sya_sep\"> <\/span><\/span><a href=\"https:\/\/www.mj-lagrange.org\/?p=12092\" class=\"sya_postlink post-12092\" rel=\"bookmark\">Gr\u00e2ces re\u00e7ues par l&rsquo;intercession du p\u00e8re Lagrange<\/a><\/div><\/li><li class=\"\"><div class=\"sya_postcontent\"><span class=\"sya_date\"> <span class=\"sya_sep\"> <\/span><\/span><a href=\"https:\/\/www.mj-lagrange.org\/?p=12089\" class=\"sya_postlink post-12089\" rel=\"bookmark\">Lettre du pr\u00e9sident, fr. Manuel Rivero o.p., aux membres de l&rsquo;association, le 28 novembre 2018<\/a><\/div><\/li><li class=\"\"><div class=\"sya_postcontent\"><span class=\"sya_date\"> <span class=\"sya_sep\"> <\/span><\/span><a href=\"https:\/\/www.mj-lagrange.org\/?p=11928\" class=\"sya_postlink post-11928\" rel=\"bookmark\">Bonne et Sainte Ann\u00e9e 2019<\/a><\/div><\/li><\/ul><a id=\"year2018\"><\/a>2018<ul><li class=\"\"><div class=\"sya_postcontent\"><span class=\"sya_date\"> <span class=\"sya_sep\"> <\/span><\/span><a href=\"https:\/\/www.mj-lagrange.org\/?p=11926\" class=\"sya_postlink post-11926\" rel=\"bookmark\">\u00c9cho de notre page Facebook : janvier 2019<\/a><\/div><\/li><li class=\"\"><div class=\"sya_postcontent\"><span class=\"sya_date\"> <span class=\"sya_sep\"> <\/span><\/span><a href=\"https:\/\/www.mj-lagrange.org\/?p=11868\" class=\"sya_postlink post-11868\" rel=\"bookmark\">La d\u00e9votion du p\u00e8re Lagrange \u00e0 sainte Marie-Madeleine par fr. Manuel Rivero o.p.<\/a><\/div><\/li><li class=\"\"><div class=\"sya_postcontent\"><span class=\"sya_date\"> <span class=\"sya_sep\"> <\/span><\/span><a href=\"https:\/\/www.mj-lagrange.org\/?p=11722\" class=\"sya_postlink post-11722\" rel=\"bookmark\">\u00c9cho de notre page Facebook : d\u00e9cembre 2018<\/a><\/div><\/li><li class=\"\"><div class=\"sya_postcontent\"><span class=\"sya_date\"> <span class=\"sya_sep\"> <\/span><\/span><a href=\"https:\/\/www.mj-lagrange.org\/?p=11647\" class=\"sya_postlink post-11647\" rel=\"bookmark\">\u00c9crits de circonstances-Discours inaugural du pr\u00e9sident le R\u00e9v\u00e9rend P\u00e8re Lagrange &#8211; The Journal of the Palestine Oriental Society, J\u00e9rusalem 1920<\/a><\/div><\/li><li class=\"\"><div class=\"sya_postcontent\"><span class=\"sya_date\"> <span class=\"sya_sep\"> <\/span><\/span><a href=\"https:\/\/www.mj-lagrange.org\/?p=11566\" class=\"sya_postlink post-11566\" rel=\"bookmark\">\u00c9crits de circonstances : \u00c0 J\u00e9rusalem pendant la guerre [1914-1918]  par le p\u00e8re Marie-Joseph Lagrange o.p.<\/a><\/div><\/li><li class=\"\"><div class=\"sya_postcontent\"><span class=\"sya_date\"> <span class=\"sya_sep\"> <\/span><\/span><a href=\"https:\/\/www.mj-lagrange.org\/?p=11378\" class=\"sya_postlink post-11378\" rel=\"bookmark\">\u00c9cho de notre page Facebook : novembre 2018<\/a><\/div><\/li><li class=\"\"><div class=\"sya_postcontent\"><span class=\"sya_date\"> <span class=\"sya_sep\"> <\/span><\/span><a href=\"https:\/\/www.mj-lagrange.org\/?p=11109\" class=\"sya_postlink post-11109\" rel=\"bookmark\">\u00c9cho de notre page Facebook : octobre 2018<\/a><\/div><\/li><li class=\"\"><div class=\"sya_postcontent\"><span class=\"sya_date\"> <span class=\"sya_sep\"> <\/span><\/span><a href=\"https:\/\/www.mj-lagrange.org\/?p=10996\" class=\"sya_postlink post-10996\" rel=\"bookmark\">Le Journal spirituel in\u00e9dit de fr. Marie-Joseph Lagrange<\/a><\/div><\/li><li class=\"\"><div class=\"sya_postcontent\"><span class=\"sya_date\"> <span class=\"sya_sep\"> <\/span><\/span><a href=\"https:\/\/www.mj-lagrange.org\/?p=10970\" class=\"sya_postlink post-10970\" rel=\"bookmark\">La saintet\u00e9 de Dominique, lumi\u00e8re pour l&rsquo;Ordre des Pr\u00eacheurs par fr. Bruno Cador\u00e9, Ma\u00eetre de l&rsquo;Ordre des Pr\u00eacheurs<\/a><\/div><\/li><li class=\"\"><div class=\"sya_postcontent\"><span class=\"sya_date\"> <span class=\"sya_sep\"> <\/span><\/span><a href=\"https:\/\/www.mj-lagrange.org\/?p=10758\" class=\"sya_postlink post-10758\" rel=\"bookmark\">Serviteur de Dieu, le p\u00e8re Marie-Joseph Lagrange, o.p. par Elisabetta Deriu<\/a><\/div><\/li><li class=\"\"><div class=\"sya_postcontent\"><span class=\"sya_date\"> <span class=\"sya_sep\"> <\/span><\/span><a href=\"https:\/\/www.mj-lagrange.org\/?p=10622\" class=\"sya_postlink post-10622\" rel=\"bookmark\">Recension : \u00ab\u00a0Deux points qui int\u00e9ressent la discipline orientale : La primaut\u00e9 de saint Pierre et le divorce dans le Nouveau Testament d&rsquo;apr\u00e8s les commentaires du P. Lagrange\u00a0\u00bb par L. Serraz<\/a><\/div><\/li><li class=\"\"><div class=\"sya_postcontent\"><span class=\"sya_date\"> <span class=\"sya_sep\"> <\/span><\/span><a href=\"https:\/\/www.mj-lagrange.org\/?p=10590\" class=\"sya_postlink post-10590\" rel=\"bookmark\">\u00c9cho de notre page Facebook : septembre 2018<\/a><\/div><\/li><li class=\"\"><div class=\"sya_postcontent\"><span class=\"sya_date\"> <span class=\"sya_sep\"> <\/span><\/span><a href=\"https:\/\/www.mj-lagrange.org\/?p=10534\" class=\"sya_postlink post-10534\" rel=\"bookmark\">Le bienheureux Jean-Baptiste Fouque et le p\u00e8re Marie-Joseph Lagrange o.p. par Manuel Rivero o.p.<\/a><\/div><\/li><li class=\"\"><div class=\"sya_postcontent\"><span class=\"sya_date\"> <span class=\"sya_sep\"> <\/span><\/span><a href=\"https:\/\/www.mj-lagrange.org\/?p=10487\" class=\"sya_postlink post-10487\" rel=\"bookmark\">Recension et t\u00e9moignage, en portugais, par le P. A.C. Seganfredo de Marie-Joseph Lagrange. Une biographique critique par B. Montagnes<\/a><\/div><\/li><li class=\"\"><div class=\"sya_postcontent\"><span class=\"sya_date\"> <span class=\"sya_sep\"> <\/span><\/span><a href=\"https:\/\/www.mj-lagrange.org\/?p=10459\" class=\"sya_postlink post-10459\" rel=\"bookmark\">\u00c9cho de notre page Facebook : ao\u00fbt 2018<\/a><\/div><\/li><li class=\"\"><div class=\"sya_postcontent\"><span class=\"sya_date\"> <span class=\"sya_sep\"> <\/span><\/span><a href=\"https:\/\/www.mj-lagrange.org\/?p=10293\" class=\"sya_postlink post-10293\" rel=\"bookmark\">\u00c9cho de notre page Facebook : juillet 2018<\/a><\/div><\/li><li class=\"\"><div class=\"sya_postcontent\"><span class=\"sya_date\"> <span class=\"sya_sep\"> <\/span><\/span><a href=\"https:\/\/www.mj-lagrange.org\/?p=10226\" class=\"sya_postlink post-10226\" rel=\"bookmark\">\u00c9cho de notre page Facebook : juin 2018<\/a><\/div><\/li><li class=\"\"><div class=\"sya_postcontent\"><span class=\"sya_date\"> <span class=\"sya_sep\"> <\/span><\/span><a href=\"https:\/\/www.mj-lagrange.org\/?p=10218\" class=\"sya_postlink post-10218\" rel=\"bookmark\">Le p\u00e8re Lagrange \u00e0 Salamanque (1880-1886) &#8211; Le contexte politique, eccl\u00e9sial et dominicain de son s\u00e9jour en Espagne par fr. Manuel Rivero, O.P.<\/a><\/div><\/li><li class=\"\"><div class=\"sya_postcontent\"><span class=\"sya_date\"> <span class=\"sya_sep\"> <\/span><\/span><a href=\"https:\/\/www.mj-lagrange.org\/?p=10172\" class=\"sya_postlink post-10172\" rel=\"bookmark\">Demandez nos signets-pri\u00e8re<\/a><\/div><\/li><li class=\"\"><div class=\"sya_postcontent\"><span class=\"sya_date\"> <span class=\"sya_sep\"> <\/span><\/span><a href=\"https:\/\/www.mj-lagrange.org\/?p=10158\" class=\"sya_postlink post-10158\" rel=\"bookmark\">\u00c9cho de notre page Facebook : mai 2018<\/a><\/div><\/li><li class=\"\"><div class=\"sya_postcontent\"><span class=\"sya_date\"> <span class=\"sya_sep\"> <\/span><\/span><a href=\"https:\/\/www.mj-lagrange.org\/?p=10134\" class=\"sya_postlink post-10134\" rel=\"bookmark\">Fr. Marie-Joseph Lagrange, la saintet\u00e9 de l&rsquo;intelligence de la foi en J\u00e9sus Christ &#8211; Conf\u00e9rence par fr. Manuel Rivero, o.p. \u00e0 Salamanque le 14 mai 2018<\/a><\/div><\/li><li class=\"\"><div class=\"sya_postcontent\"><span class=\"sya_date\"> <span class=\"sya_sep\"> <\/span><\/span><a href=\"https:\/\/www.mj-lagrange.org\/?p=10398\" class=\"sya_postlink post-10398\" rel=\"bookmark\">Une nouvelle messe mariale pour le lundi de Pentec\u00f4te 2018 par Fr. Manuel Rivero, o.p.<\/a><\/div><\/li><li class=\"\"><div class=\"sya_postcontent\"><span class=\"sya_date\"> <span class=\"sya_sep\"> <\/span><\/span><a href=\"https:\/\/www.mj-lagrange.org\/?p=10031\" class=\"sya_postlink post-10031\" rel=\"bookmark\">L&rsquo;\u00c9vangile de J\u00e9sus Christ de R.P. Lagrange. Compte rendu de Pierre Batiffol. Journal La Croix, 6 d\u00e9cembre 1928.<\/a><\/div><\/li><li class=\"\"><div class=\"sya_postcontent\"><span class=\"sya_date\"> <span class=\"sya_sep\"> <\/span><\/span><a href=\"https:\/\/www.mj-lagrange.org\/?p=10018\" class=\"sya_postlink post-10018\" rel=\"bookmark\">Le proc\u00e8s de J\u00e9sus &#8211; Conf\u00e9rence de Car\u00eame 2018 par fr. Manuel Rivero, o.p.<\/a><\/div><\/li><li class=\"\"><div class=\"sya_postcontent\"><span class=\"sya_date\"> <span class=\"sya_sep\"> <\/span><\/span><a href=\"https:\/\/www.mj-lagrange.org\/?p=9998\" class=\"sya_postlink post-9998\" rel=\"bookmark\">Voeux de fr. Manuel Rivero, O.P., pr\u00e9sident de l&rsquo;association, pour 2018<\/a><\/div><\/li><li class=\"\"><div class=\"sya_postcontent\"><span class=\"sya_date\"> <span class=\"sya_sep\"> <\/span><\/span><a href=\"https:\/\/www.mj-lagrange.org\/?p=9995\" class=\"sya_postlink post-9995\" rel=\"bookmark\">Voeux de fr. Manuel Rivero, O.P., pr\u00e9sident de l&rsquo;association, pour 2018<\/a><\/div><\/li><li class=\"\"><div class=\"sya_postcontent\"><span class=\"sya_date\"> <span class=\"sya_sep\"> <\/span><\/span><a href=\"https:\/\/www.mj-lagrange.org\/?p=9921\" class=\"sya_postlink post-9921\" rel=\"bookmark\">\u00c9cho de notre Page Facebook : avril 2018<\/a><\/div><\/li><li class=\"\"><div class=\"sya_postcontent\"><span class=\"sya_date\"> <span class=\"sya_sep\"> <\/span><\/span><a href=\"https:\/\/www.mj-lagrange.org\/?p=9910\" class=\"sya_postlink post-9910\" rel=\"bookmark\">Les Sept Paroles du Christ en Croix. M\u00e9ditations pour un Vendredi Saint par le P\u00e8re Lagrange<\/a><\/div><\/li><li class=\"\"><div class=\"sya_postcontent\"><span class=\"sya_date\"> <span class=\"sya_sep\"> <\/span><\/span><a href=\"https:\/\/www.mj-lagrange.org\/?p=9876\" class=\"sya_postlink post-9876\" rel=\"bookmark\">\u00c9cho de notre Page Facebook : mars 2018<\/a><\/div><\/li><li class=\"\"><div class=\"sya_postcontent\"><span class=\"sya_date\"> <span class=\"sya_sep\"> <\/span><\/span><a href=\"https:\/\/www.mj-lagrange.org\/?p=9837\" class=\"sya_postlink post-9837\" rel=\"bookmark\">\u00c9cho de notre Page Facebook : f\u00e9vrier 2018<\/a><\/div><\/li><li class=\"\"><div class=\"sya_postcontent\"><span class=\"sya_date\"> <span class=\"sya_sep\"> <\/span><\/span><a href=\"https:\/\/www.mj-lagrange.org\/?p=9825\" class=\"sya_postlink post-9825\" rel=\"bookmark\">\u00c9cho de notre Page Facebook : janvier 2018<\/a><\/div><\/li><\/ul><a id=\"year2017\"><\/a>2017<ul><li class=\"\"><div class=\"sya_postcontent\"><span class=\"sya_date\"> <span class=\"sya_sep\"> <\/span><\/span><a href=\"https:\/\/www.mj-lagrange.org\/?p=9821\" class=\"sya_postlink post-9821\" rel=\"bookmark\">Table ronde \u00e0 l&rsquo;occasion de la nouvelle \u00e9dition du livre L&rsquo;\u00c9vangile de J\u00e9sus Christ du P. Marie-Joseph Lagrange OP, Rome, le 27 novembre 2017<\/a><\/div><\/li><li class=\"\"><div class=\"sya_postcontent\"><span class=\"sya_date\"> <span class=\"sya_sep\"> <\/span><\/span><a href=\"https:\/\/www.mj-lagrange.org\/?p=9807\" class=\"sya_postlink post-9807\" rel=\"bookmark\">\u00c9cho de notre page Facebook : novembre 2017<\/a><\/div><\/li><li class=\"\"><div class=\"sya_postcontent\"><span class=\"sya_date\"> <span class=\"sya_sep\"> <\/span><\/span><a href=\"https:\/\/www.mj-lagrange.org\/?p=9781\" class=\"sya_postlink post-9781\" rel=\"bookmark\">Inauguration des locaux de la Postulation G\u00e9n\u00e9rale de l&rsquo;Ordre<\/a><\/div><\/li><li class=\"\"><div class=\"sya_postcontent\"><span class=\"sya_date\"> <span class=\"sya_sep\"> <\/span><\/span><a href=\"https:\/\/www.mj-lagrange.org\/?p=9730\" class=\"sya_postlink post-9730\" rel=\"bookmark\">\u00c9cho de notre page Facebook : octobre 2017<\/a><\/div><\/li><li class=\"\"><div class=\"sya_postcontent\"><span class=\"sya_date\"> <span class=\"sya_sep\"> <\/span><\/span><a href=\"https:\/\/www.mj-lagrange.org\/?p=9684\" class=\"sya_postlink post-9684\" rel=\"bookmark\">\u00c9cho de notre page Facebook : septembre 2017<\/a><\/div><\/li><li class=\"\"><div class=\"sya_postcontent\"><span class=\"sya_date\"> <span class=\"sya_sep\"> <\/span><\/span><a href=\"https:\/\/www.mj-lagrange.org\/?p=9659\" class=\"sya_postlink post-9659\" rel=\"bookmark\">Saint Dominique : \u00e9tudier par amour<\/a><\/div><\/li><li class=\"\"><div class=\"sya_postcontent\"><span class=\"sya_date\"> <span class=\"sya_sep\"> <\/span><\/span><a href=\"https:\/\/www.mj-lagrange.org\/?p=9650\" class=\"sya_postlink post-9650\" rel=\"bookmark\">\u00c9cho de notre page Facebook : ao\u00fbt 2017<\/a><\/div><\/li><li class=\"\"><div class=\"sya_postcontent\"><span class=\"sya_date\"> <span class=\"sya_sep\"> <\/span><\/span><a href=\"https:\/\/www.mj-lagrange.org\/?p=9632\" class=\"sya_postlink post-9632\" rel=\"bookmark\">\u00c9cho de notre page Facebook : juillet 2017<\/a><\/div><\/li><li class=\"\"><div class=\"sya_postcontent\"><span class=\"sya_date\"> <span class=\"sya_sep\"> <\/span><\/span><a href=\"https:\/\/www.mj-lagrange.org\/?p=9610\" class=\"sya_postlink post-9610\" rel=\"bookmark\">T\u00e9moignage du fr. F.-M. Braun, o. p. sur le P. Lagrange<\/a><\/div><\/li><li class=\"\"><div class=\"sya_postcontent\"><span class=\"sya_date\"> <span class=\"sya_sep\"> <\/span><\/span><a href=\"https:\/\/www.mj-lagrange.org\/?p=9596\" class=\"sya_postlink post-9596\" rel=\"bookmark\">\u00c9cho de notre page Facebook : juin 2017<\/a><\/div><\/li><li class=\"\"><div class=\"sya_postcontent\"><span class=\"sya_date\"> <span class=\"sya_sep\"> <\/span><\/span><a href=\"https:\/\/www.mj-lagrange.org\/?p=9409\" class=\"sya_postlink post-9409\" rel=\"bookmark\">Colloque P. Lagrange, Rome, octobre 2015. Hom\u00e9lie de Mgr Jean-Louis Brugu\u00e8s o. p.<\/a><\/div><\/li><li class=\"\"><div class=\"sya_postcontent\"><span class=\"sya_date\"> <span class=\"sya_sep\"> <\/span><\/span><a href=\"https:\/\/www.mj-lagrange.org\/?p=10395\" class=\"sya_postlink post-10395\" rel=\"bookmark\">Lagrange ex\u00e9g\u00e8te par le R. P. Maurice Gilbert, s. j.<\/a><\/div><\/li><li class=\"\"><div class=\"sya_postcontent\"><span class=\"sya_date\"> <span class=\"sya_sep\"> <\/span><\/span><a href=\"https:\/\/www.mj-lagrange.org\/?p=9374\" class=\"sya_postlink post-9374\" rel=\"bookmark\">\u00c9cho de notre page Facebook : mai 2017<\/a><\/div><\/li><li class=\"\"><div class=\"sya_postcontent\"><span class=\"sya_date\"> <span class=\"sya_sep\"> <\/span><\/span><a href=\"https:\/\/www.mj-lagrange.org\/?p=9314\" class=\"sya_postlink post-9314\" rel=\"bookmark\">\u00c9cho de notre page Facebook : avril 2017<\/a><\/div><\/li><li class=\"\"><div class=\"sya_postcontent\"><span class=\"sya_date\"> <span class=\"sya_sep\"> <\/span><\/span><a href=\"https:\/\/www.mj-lagrange.org\/?p=9288\" class=\"sya_postlink post-9288\" rel=\"bookmark\">L&rsquo;\u00c9vangile de J\u00e9sus Christ avec la synopse \u00e9vang\u00e9lique par le P. M.-J. Lagrange OP. Nouvelle \u00e9dition. Parution le 5 avril 2017<\/a><\/div><\/li><li class=\"\"><div class=\"sya_postcontent\"><span class=\"sya_date\"> <span class=\"sya_sep\"> <\/span><\/span><a href=\"https:\/\/www.mj-lagrange.org\/?p=9283\" class=\"sya_postlink post-9283\" rel=\"bookmark\">\u00c9cho de notre page Facebook : mars 2017<\/a><\/div><\/li><li class=\"\"><div class=\"sya_postcontent\"><span class=\"sya_date\"> <span class=\"sya_sep\"> <\/span><\/span><a href=\"https:\/\/www.mj-lagrange.org\/?p=9228\" class=\"sya_postlink post-9228\" rel=\"bookmark\">Nouvelle \u00e9dition de L&rsquo;\u00c9vangile de J\u00e9sus Christ avec la synopse \u00e9vang\u00e9lique par le P. Marie-Joseph Lagrange, O.P.<\/a><\/div><\/li><li class=\"\"><div class=\"sya_postcontent\"><span class=\"sya_date\"> <span class=\"sya_sep\"> <\/span><\/span><a href=\"https:\/\/www.mj-lagrange.org\/?p=9223\" class=\"sya_postlink post-9223\" rel=\"bookmark\">\u00c9cho de notre page Facebook : f\u00e9vrier 2017<\/a><\/div><\/li><li class=\"\"><div class=\"sya_postcontent\"><span class=\"sya_date\"> <span class=\"sya_sep\"> <\/span><\/span><a href=\"https:\/\/www.mj-lagrange.org\/?p=9120\" class=\"sya_postlink post-9120\" rel=\"bookmark\">\u00c9cho de notre page Facebook : Janvier 2017<\/a><\/div><\/li><\/ul><a id=\"year2016\"><\/a>2016<ul><li class=\"\"><div class=\"sya_postcontent\"><span class=\"sya_date\"> <span class=\"sya_sep\"> <\/span><\/span><a href=\"https:\/\/www.mj-lagrange.org\/?p=9088\" class=\"sya_postlink post-9088\" rel=\"bookmark\">\u00c9cho de notre page Facebook : d\u00e9cembre 2016<\/a><\/div><\/li><li class=\"\"><div class=\"sya_postcontent\"><span class=\"sya_date\"> <span class=\"sya_sep\"> <\/span><\/span><a href=\"https:\/\/www.mj-lagrange.org\/?p=9053\" class=\"sya_postlink post-9053\" rel=\"bookmark\">\u00c9cho de notre page Facebook : novembre 2016<\/a><\/div><\/li><li class=\"\"><div class=\"sya_postcontent\"><span class=\"sya_date\"> <span class=\"sya_sep\"> <\/span><\/span><a href=\"https:\/\/www.mj-lagrange.org\/?p=8976\" class=\"sya_postlink post-8976\" rel=\"bookmark\">Prier le rosaire avec sainte \u00c9lisabeth de la Trinit\u00e9 par fr. Manuel Rivero o. p.<\/a><\/div><\/li><li class=\"\"><div class=\"sya_postcontent\"><span class=\"sya_date\"> <span class=\"sya_sep\"> <\/span><\/span><a href=\"https:\/\/www.mj-lagrange.org\/?p=8881\" class=\"sya_postlink post-8881\" rel=\"bookmark\">\u00c9cho de notre page Facebook : octobre 2016<\/a><\/div><\/li><li class=\"\"><div class=\"sya_postcontent\"><span class=\"sya_date\"> <span class=\"sya_sep\"> <\/span><\/span><a href=\"https:\/\/www.mj-lagrange.org\/?p=8840\" class=\"sya_postlink post-8840\" rel=\"bookmark\">\u00c9cho de notre page Facebook : septembre 2016<\/a><\/div><\/li><li class=\"\"><div class=\"sya_postcontent\"><span class=\"sya_date\"> <span class=\"sya_sep\"> <\/span><\/span><a href=\"https:\/\/www.mj-lagrange.org\/?p=8822\" class=\"sya_postlink post-8822\" rel=\"bookmark\">La Pri\u00e8re de saint Thomas d&rsquo;Aquin \u00e0 la Bienheureuse Vierge Marie<\/a><\/div><\/li><li class=\"\"><div class=\"sya_postcontent\"><span class=\"sya_date\"> <span class=\"sya_sep\"> <\/span><\/span><a href=\"https:\/\/www.mj-lagrange.org\/?p=8792\" class=\"sya_postlink post-8792\" rel=\"bookmark\">M\u00e9ditation des myst\u00e8res du Rosaire avec le p\u00e8re Lagrange par fr. Manuel Rivero o. p.<\/a><\/div><\/li><li class=\"\"><div class=\"sya_postcontent\"><span class=\"sya_date\"> <span class=\"sya_sep\"> <\/span><\/span><a href=\"https:\/\/www.mj-lagrange.org\/?p=8780\" class=\"sya_postlink post-8780\" rel=\"bookmark\">Le P\u00e8re Lagrange ou la mis\u00e9ricorde de la v\u00e9rit\u00e9 par Bernard Montagnes o. p.<\/a><\/div><\/li><li class=\"\"><div class=\"sya_postcontent\"><span class=\"sya_date\"> <span class=\"sya_sep\"> <\/span><\/span><a href=\"https:\/\/www.mj-lagrange.org\/?p=8777\" class=\"sya_postlink post-8777\" rel=\"bookmark\">\u00c9cho de notre page Facebook : ao\u00fbt 2016<\/a><\/div><\/li><li class=\"\"><div class=\"sya_postcontent\"><span class=\"sya_date\"> <span class=\"sya_sep\"> <\/span><\/span><a href=\"https:\/\/www.mj-lagrange.org\/?p=8771\" class=\"sya_postlink post-8771\" rel=\"bookmark\">Le rosaire pri\u00e9 \u00e0 l&rsquo;\u00e9cole de sainte Marie Madeleine par fr. Manuel Rivero, o. p.<\/a><\/div><\/li><li class=\"\"><div class=\"sya_postcontent\"><span class=\"sya_date\"> <span class=\"sya_sep\"> <\/span><\/span><a href=\"https:\/\/www.mj-lagrange.org\/?p=8760\" class=\"sya_postlink post-8760\" rel=\"bookmark\">Le Journal spirituel du p\u00e8re Marie-Joseph Lagrange 1879-1932, compte rendu  par Laurent Camiade<\/a><\/div><\/li><li class=\"\"><div class=\"sya_postcontent\"><span class=\"sya_date\"> <span class=\"sya_sep\"> <\/span><\/span><a href=\"https:\/\/www.mj-lagrange.org\/?p=8741\" class=\"sya_postlink post-8741\" rel=\"bookmark\">\u00c9cho de notre page Facebook : juillet 2016<\/a><\/div><\/li><li class=\"\"><div class=\"sya_postcontent\"><span class=\"sya_date\"> <span class=\"sya_sep\"> <\/span><\/span><a href=\"https:\/\/www.mj-lagrange.org\/?p=8726\" class=\"sya_postlink post-8726\" rel=\"bookmark\">Le Saint Rosaire comme une pri\u00e8re pour la paix<\/a><\/div><\/li><li class=\"\"><div class=\"sya_postcontent\"><span class=\"sya_date\"> <span class=\"sya_sep\"> <\/span><\/span><a href=\"https:\/\/www.mj-lagrange.org\/?p=8702\" class=\"sya_postlink post-8702\" rel=\"bookmark\">T\u00e9moignage : L&rsquo;esprit du R. P. Lagrange par Andr\u00e9 Robert, sulpicien (1883-1955)<\/a><\/div><\/li><li class=\"\"><div class=\"sya_postcontent\"><span class=\"sya_date\"> <span class=\"sya_sep\"> <\/span><\/span><a href=\"https:\/\/www.mj-lagrange.org\/?p=8696\" class=\"sya_postlink post-8696\" rel=\"bookmark\">Litanies du Sacr\u00e9 Coeur de J\u00e9sus<\/a><\/div><\/li><li class=\"\"><div class=\"sya_postcontent\"><span class=\"sya_date\"> <span class=\"sya_sep\"> <\/span><\/span><a href=\"https:\/\/www.mj-lagrange.org\/?p=8687\" class=\"sya_postlink post-8687\" rel=\"bookmark\">\u00c9cho de notre page Facebook : juin 2016<\/a><\/div><\/li><li class=\"\"><div class=\"sya_postcontent\"><span class=\"sya_date\"> <span class=\"sya_sep\"> <\/span><\/span><a href=\"https:\/\/www.mj-lagrange.org\/?p=8634\" class=\"sya_postlink post-8634\" rel=\"bookmark\">Intentions confi\u00e9es \u00e0 l&rsquo;intercession du p\u00e8re Lagrange (2015-<\/a><\/div><\/li><li class=\"\"><div class=\"sya_postcontent\"><span class=\"sya_date\"> <span class=\"sya_sep\"> <\/span><\/span><a href=\"https:\/\/www.mj-lagrange.org\/?p=8626\" class=\"sya_postlink post-8626\" rel=\"bookmark\">Lettre aux amis de l&rsquo;association, le 26 avril 2016<\/a><\/div><\/li><li class=\"\"><div class=\"sya_postcontent\"><span class=\"sya_date\"> <span class=\"sya_sep\"> <\/span><\/span><a href=\"https:\/\/www.mj-lagrange.org\/?p=8591\" class=\"sya_postlink post-8591\" rel=\"bookmark\">\u00c9cho de notre page Facebook : mai 2016<\/a><\/div><\/li><li class=\"\"><div class=\"sya_postcontent\"><span class=\"sya_date\"> <span class=\"sya_sep\"> <\/span><\/span><a href=\"https:\/\/www.mj-lagrange.org\/?p=8521\" class=\"sya_postlink post-8521\" rel=\"bookmark\">Arch\u00e9ologie : Notre exploration de P\u00e9tra par Marie-Joseph Lagrange des fr\u00e8res Pr\u00eacheurs<\/a><\/div><\/li><li class=\"\"><div class=\"sya_postcontent\"><span class=\"sya_date\"> <span class=\"sya_sep\"> <\/span><\/span><a href=\"https:\/\/www.mj-lagrange.org\/?p=8491\" class=\"sya_postlink post-8491\" rel=\"bookmark\">Bienvenue au nouveau Postulateur g\u00e9n\u00e9ral de l&rsquo;Ordre pour la Cause du P. Marie-Joseph Lagrange : le fr. Gianni Festa o. p.<\/a><\/div><\/li><li class=\"\"><div class=\"sya_postcontent\"><span class=\"sya_date\"> <span class=\"sya_sep\"> <\/span><\/span><a href=\"https:\/\/www.mj-lagrange.org\/?p=8488\" class=\"sya_postlink post-8488\" rel=\"bookmark\">Nouveau Testament-La formation du Canon du Nouveau Testament par Marie-Joseph Lagrange des fr\u00e8res Pr\u00eacheurs<\/a><\/div><\/li><li class=\"\"><div class=\"sya_postcontent\"><span class=\"sya_date\"> <span class=\"sya_sep\"> <\/span><\/span><a href=\"https:\/\/www.mj-lagrange.org\/?p=8479\" class=\"sya_postlink post-8479\" rel=\"bookmark\">\u00c9cho de notre page Facebook : avril 2016<\/a><\/div><\/li><li class=\"\"><div class=\"sya_postcontent\"><span class=\"sya_date\"> <span class=\"sya_sep\"> <\/span><\/span><a href=\"https:\/\/www.mj-lagrange.org\/?p=8470\" class=\"sya_postlink post-8470\" rel=\"bookmark\">\u00c9crits de circonstances-Souvenirs de Salamanque (1880-1886) par Fr. Marie-Joseph Lagrange des fr\u00e8res Pr\u00eacheurs<\/a><\/div><\/li><li class=\"\"><div class=\"sya_postcontent\"><span class=\"sya_date\"> <span class=\"sya_sep\"> <\/span><\/span><a href=\"https:\/\/www.mj-lagrange.org\/?p=8454\" class=\"sya_postlink post-8454\" rel=\"bookmark\">Les Sept Paroles de J\u00e9sus en Croix par Marie-Joseph Lagrange des fr\u00e8res Pr\u00eacheurs<\/a><\/div><\/li><li class=\"\"><div class=\"sya_postcontent\"><span class=\"sya_date\"> <span class=\"sya_sep\"> <\/span><\/span><a href=\"https:\/\/www.mj-lagrange.org\/?p=8448\" class=\"sya_postlink post-8448\" rel=\"bookmark\">M\u00e9ditations pour la Semaine sainte 2016. Les Sept Paroles de J\u00e9sus Christ par Georges Durand o. p.<\/a><\/div><\/li><li class=\"\"><div class=\"sya_postcontent\"><span class=\"sya_date\"> <span class=\"sya_sep\"> <\/span><\/span><a href=\"https:\/\/www.mj-lagrange.org\/?p=8428\" class=\"sya_postlink post-8428\" rel=\"bookmark\">Une semaine de retraite \u00e0 la maison \u00e0 l&rsquo;occasion du Jubil\u00e9 de l&rsquo;Ordre de saint Dominique et du Jubil\u00e9 de la Mis\u00e9ricorde<\/a><\/div><\/li><li class=\"\"><div class=\"sya_postcontent\"><span class=\"sya_date\"> <span class=\"sya_sep\"> <\/span><\/span><a href=\"https:\/\/www.mj-lagrange.org\/?p=10393\" class=\"sya_postlink post-10393\" rel=\"bookmark\">Nouveau Testament-Les Juda\u00efsants de l&rsquo;\u00c9p\u00eetre aux Galates par Marie-Joseph Lagrange des Fr\u00e8res Pr\u00eacheurs<\/a><\/div><\/li><li class=\"\"><div class=\"sya_postcontent\"><span class=\"sya_date\"> <span class=\"sya_sep\"> <\/span><\/span><a href=\"https:\/\/www.mj-lagrange.org\/?p=8403\" class=\"sya_postlink post-8403\" rel=\"bookmark\">Oecum\u00e9nisme-Un \u00e9v\u00eaque syrien du Ve si\u00e8cle, Rabulas, \u00e9v\u00eaque d&rsquo;\u00c9desse, \u2020 435, par Marie-Joseph Lagrange des fr\u00e8res Pr\u00eacheurs<\/a><\/div><\/li><li class=\"\"><div class=\"sya_postcontent\"><span class=\"sya_date\"> <span class=\"sya_sep\"> <\/span><\/span><a href=\"https:\/\/www.mj-lagrange.org\/?p=8398\" class=\"sya_postlink post-8398\" rel=\"bookmark\">\u00c9cho de notre page Facebook : mars 2016<\/a><\/div><\/li><li class=\"\"><div class=\"sya_postcontent\"><span class=\"sya_date\"> <span class=\"sya_sep\"> <\/span><\/span><a href=\"https:\/\/www.mj-lagrange.org\/?p=8377\" class=\"sya_postlink post-8377\" rel=\"bookmark\">Religions dans le monde gr\u00e9co-romain-Julien l&rsquo;Apostat, pr\u00e9dicateur de retraites sacerdotales par Marie-Joseph Lagrange des fr\u00e8res Pr\u00eacheurs<\/a><\/div><\/li><li class=\"\"><div class=\"sya_postcontent\"><span class=\"sya_date\"> <span class=\"sya_sep\"> <\/span><\/span><a href=\"https:\/\/www.mj-lagrange.org\/?p=8317\" class=\"sya_postlink post-8317\" rel=\"bookmark\">\u00c9cho de notre page Facebook : f\u00e9vrier 2016<\/a><\/div><\/li><li class=\"\"><div class=\"sya_postcontent\"><span class=\"sya_date\"> <span class=\"sya_sep\"> <\/span><\/span><a href=\"https:\/\/www.mj-lagrange.org\/?p=8270\" class=\"sya_postlink post-8270\" rel=\"bookmark\">\u00c9cho de notre page Facebook : Janvier 2016<\/a><\/div><\/li><\/ul><a id=\"year2015\"><\/a>2015<ul><li class=\"\"><div class=\"sya_postcontent\"><span class=\"sya_date\"> <span class=\"sya_sep\"> <\/span><\/span><a href=\"https:\/\/www.mj-lagrange.org\/?p=8236\" class=\"sya_postlink post-8236\" rel=\"bookmark\">Nouveau Testament-L&rsquo;Av\u00e8nement du Fils de l&rsquo;homme par le R. P. Marie-Joseph Lagrange des fr\u00e8res Pr\u00eacheurs<\/a><\/div><\/li><li class=\"\"><div class=\"sya_postcontent\"><span class=\"sya_date\"> <span class=\"sya_sep\"> <\/span><\/span><a href=\"https:\/\/www.mj-lagrange.org\/?p=8224\" class=\"sya_postlink post-8224\" rel=\"bookmark\">\u00c9crits de circonstances-Comment lire la sainte \u00c9criture ? par Marie-Joseph Lagrange des fr\u00e8res Pr\u00eacheurs<\/a><\/div><\/li><li class=\"\"><div class=\"sya_postcontent\"><span class=\"sya_date\"> <span class=\"sya_sep\"> <\/span><\/span><a href=\"https:\/\/www.mj-lagrange.org\/?p=8214\" class=\"sya_postlink post-8214\" rel=\"bookmark\">\u00c9crits de circonstances-La d\u00e9votion du s\u00e9minariste Albert Lagrange \u00e0 Paul Seigneret, martyr de la Commune de Paris en 1871<\/a><\/div><\/li><li class=\"\"><div class=\"sya_postcontent\"><span class=\"sya_date\"> <span class=\"sya_sep\"> <\/span><\/span><a href=\"https:\/\/www.mj-lagrange.org\/?p=8209\" class=\"sya_postlink post-8209\" rel=\"bookmark\">Nouveau-Testament-Marie \u00e0 Nazareth par Marie-Joseph Lagrange des Fr\u00e8res pr\u00eacheurs<\/a><\/div><\/li><li class=\"\"><div class=\"sya_postcontent\"><span class=\"sya_date\"> <span class=\"sya_sep\"> <\/span><\/span><a href=\"https:\/\/www.mj-lagrange.org\/?p=8202\" class=\"sya_postlink post-8202\" rel=\"bookmark\">\u00c9cho de notre page Facebook : d\u00e9cembre 2015<\/a><\/div><\/li><li class=\"\"><div class=\"sya_postcontent\"><span class=\"sya_date\"> <span class=\"sya_sep\"> <\/span><\/span><a href=\"https:\/\/www.mj-lagrange.org\/?p=8171\" class=\"sya_postlink post-8171\" rel=\"bookmark\">T\u00e9moignage : Le Ma\u00eetre par Mgr Bruno de Solages<\/a><\/div><\/li><li class=\"\"><div class=\"sya_postcontent\"><span class=\"sya_date\"> <span class=\"sya_sep\"> <\/span><\/span><a href=\"https:\/\/www.mj-lagrange.org\/?p=8119\" class=\"sya_postlink post-8119\" rel=\"bookmark\">La perle la plus pr\u00e9cieuse de l&rsquo;\u00e9vangile selon saint Matthieu par Piero Coda<\/a><\/div><\/li><li class=\"\"><div class=\"sya_postcontent\"><span class=\"sya_date\"> <span class=\"sya_sep\"> <\/span><\/span><a href=\"https:\/\/www.mj-lagrange.org\/?p=8115\" class=\"sya_postlink post-8115\" rel=\"bookmark\">\u00c9cho de notre page Facebook : novembre 2015<\/a><\/div><\/li><li class=\"\"><div class=\"sya_postcontent\"><span class=\"sya_date\"> <span class=\"sya_sep\"> <\/span><\/span><a href=\"https:\/\/www.mj-lagrange.org\/?p=8082\" class=\"sya_postlink post-8082\" rel=\"bookmark\">Le P. Lagrange, harmonie de la foi, de la raison et de la culture.<\/a><\/div><\/li><li class=\"\"><div class=\"sya_postcontent\"><span class=\"sya_date\"> <span class=\"sya_sep\"> <\/span><\/span><a href=\"https:\/\/www.mj-lagrange.org\/?p=8079\" class=\"sya_postlink post-8079\" rel=\"bookmark\">La cause de b\u00e9atification du p\u00e8re Lagrange sur Zenit-Le monde  vu de Rome par fr. Manuel Rivero o.p.<\/a><\/div><\/li><li class=\"\"><div class=\"sya_postcontent\"><span class=\"sya_date\"> <span class=\"sya_sep\"> <\/span><\/span><a href=\"https:\/\/www.mj-lagrange.org\/?p=8058\" class=\"sya_postlink post-8058\" rel=\"bookmark\">\u00ab\u00a0Journ\u00e9es Lagrange\u00a0\u00bb Angelicum Rome &#8211; 23-24 octobre 2015<\/a><\/div><\/li><li class=\"\"><div class=\"sya_postcontent\"><span class=\"sya_date\"> <span class=\"sya_sep\"> <\/span><\/span><a href=\"https:\/\/www.mj-lagrange.org\/?p=8048\" class=\"sya_postlink post-8048\" rel=\"bookmark\">Prier l&rsquo;oraison dominicale avec le p\u00e8re Lagrange<\/a><\/div><\/li><li class=\"\"><div class=\"sya_postcontent\"><span class=\"sya_date\"> <span class=\"sya_sep\"> <\/span><\/span><a href=\"https:\/\/www.mj-lagrange.org\/?p=8033\" class=\"sya_postlink post-8033\" rel=\"bookmark\">La vocation dominicaine du fr\u00e8re Marie-Joseph Lagrange<\/a><\/div><\/li><li class=\"\"><div class=\"sya_postcontent\"><span class=\"sya_date\"> <span class=\"sya_sep\"> <\/span><\/span><a href=\"https:\/\/www.mj-lagrange.org\/?p=8017\" class=\"sya_postlink post-8017\" rel=\"bookmark\">M\u00e9diter le Rosaire avec le p\u00e8re Lagrange. Cinqui\u00e8me myst\u00e8re glorieux. Le Jugement dernier<\/a><\/div><\/li><li class=\"\"><div class=\"sya_postcontent\"><span class=\"sya_date\"> <span class=\"sya_sep\"> <\/span><\/span><a href=\"https:\/\/www.mj-lagrange.org\/?p=8013\" class=\"sya_postlink post-8013\" rel=\"bookmark\">M\u00e9diter le Rosaire avec le p\u00e8re Lagrange. Quatri\u00e8me myst\u00e8re glorieux. L&rsquo;Assomption et le Couronnement de la Vierge Marie<\/a><\/div><\/li><li class=\"\"><div class=\"sya_postcontent\"><span class=\"sya_date\"> <span class=\"sya_sep\"> <\/span><\/span><a href=\"https:\/\/www.mj-lagrange.org\/?p=8006\" class=\"sya_postlink post-8006\" rel=\"bookmark\">M\u00e9diter le Rosaire avec le p\u00e8re Lagrange. Troisi\u00e8me myst\u00e8re glorieux. La descente de l&rsquo;Esprit Saint sur les Ap\u00f4tres<\/a><\/div><\/li><li class=\"\"><div class=\"sya_postcontent\"><span class=\"sya_date\"> <span class=\"sya_sep\"> <\/span><\/span><a href=\"https:\/\/www.mj-lagrange.org\/?p=7999\" class=\"sya_postlink post-7999\" rel=\"bookmark\">M\u00e9diter le Rosaire avec le p\u00e8re Lagrange. Deuxi\u00e8me myst\u00e8re glorieux. L&rsquo;Ascension du Seigneur J\u00e9sus au Ciel<\/a><\/div><\/li><li class=\"\"><div class=\"sya_postcontent\"><span class=\"sya_date\"> <span class=\"sya_sep\"> <\/span><\/span><a href=\"https:\/\/www.mj-lagrange.org\/?p=7995\" class=\"sya_postlink post-7995\" rel=\"bookmark\">M\u00e9diter le Rosaire avec le p\u00e8re Lagrange. Premier myst\u00e8re glorieux. Les deux disciples d&rsquo;Emma\u00fcs<\/a><\/div><\/li><li class=\"\"><div class=\"sya_postcontent\"><span class=\"sya_date\"> <span class=\"sya_sep\"> <\/span><\/span><a href=\"https:\/\/www.mj-lagrange.org\/?p=7991\" class=\"sya_postlink post-7991\" rel=\"bookmark\">M\u00e9diter le Rosaire avec le p\u00e8re Lagrange. Cinqui\u00e8me myst\u00e8re douloureux. Le crucifiement et la mort de J\u00e9sus<\/a><\/div><\/li><li class=\"\"><div class=\"sya_postcontent\"><span class=\"sya_date\"> <span class=\"sya_sep\"> <\/span><\/span><a href=\"https:\/\/www.mj-lagrange.org\/?p=7986\" class=\"sya_postlink post-7986\" rel=\"bookmark\">M\u00e9diter le Rosaire avec le p\u00e8re Lagrange. Quatri\u00e8me myst\u00e8re douloureux. Le portement de croix<\/a><\/div><\/li><li class=\"\"><div class=\"sya_postcontent\"><span class=\"sya_date\"> <span class=\"sya_sep\"> <\/span><\/span><a href=\"https:\/\/www.mj-lagrange.org\/?p=7974\" class=\"sya_postlink post-7974\" rel=\"bookmark\">M\u00e9diter le Rosaire avec le p\u00e8re Lagrange. Troisi\u00e8me myst\u00e8re douloureux. Le couronnement d&rsquo;\u00e9pines<\/a><\/div><\/li><li class=\"\"><div class=\"sya_postcontent\"><span class=\"sya_date\"> <span class=\"sya_sep\"> <\/span><\/span><a href=\"https:\/\/www.mj-lagrange.org\/?p=7965\" class=\"sya_postlink post-7965\" rel=\"bookmark\">M\u00e9diter le Rosaire avec le p\u00e8re Lagrange. Deuxi\u00e8me myst\u00e8re douloureux. La flagellation<\/a><\/div><\/li><li class=\"\"><div class=\"sya_postcontent\"><span class=\"sya_date\"> <span class=\"sya_sep\"> <\/span><\/span><a href=\"https:\/\/www.mj-lagrange.org\/?p=7961\" class=\"sya_postlink post-7961\" rel=\"bookmark\">M\u00e9diter le Rosaire avec le P\u00e8re Lagrange. Premier myst\u00e8re douloureux. La pri\u00e8re de J\u00e9sus \u00e0 Geths\u00e9mani<\/a><\/div><\/li><li class=\"\"><div class=\"sya_postcontent\"><span class=\"sya_date\"> <span class=\"sya_sep\"> <\/span><\/span><a href=\"https:\/\/www.mj-lagrange.org\/?p=7956\" class=\"sya_postlink post-7956\" rel=\"bookmark\">M\u00e9diter le Rosaire avec le p\u00e8re Lagrange. Cinqui\u00e8me myst\u00e8re lumineux. La C\u00e8ne<\/a><\/div><\/li><li class=\"\"><div class=\"sya_postcontent\"><span class=\"sya_date\"> <span class=\"sya_sep\"> <\/span><\/span><a href=\"https:\/\/www.mj-lagrange.org\/?p=7950\" class=\"sya_postlink post-7950\" rel=\"bookmark\">M\u00e9diter le Rosaire avec le p\u00e8re Lagrange. Quatri\u00e8me myst\u00e8re lumineux. La Transfiguration<\/a><\/div><\/li><li class=\"\"><div class=\"sya_postcontent\"><span class=\"sya_date\"> <span class=\"sya_sep\"> <\/span><\/span><a href=\"https:\/\/www.mj-lagrange.org\/?p=7946\" class=\"sya_postlink post-7946\" rel=\"bookmark\">M\u00e9diter le Rosaire avec le p\u00e8re Lagrange. Troisi\u00e8me myst\u00e8re lumineux. L&rsquo;annonce du Royaume<\/a><\/div><\/li><li class=\"\"><div class=\"sya_postcontent\"><span class=\"sya_date\"> <span class=\"sya_sep\"> <\/span><\/span><a href=\"https:\/\/www.mj-lagrange.org\/?p=7929\" class=\"sya_postlink post-7929\" rel=\"bookmark\">M\u00e9diter le Rosaire avec le p\u00e8re Lagrange. Deuxi\u00e8me myst\u00e8re lumineux : Les noces de Cana<\/a><\/div><\/li><li class=\"\"><div class=\"sya_postcontent\"><span class=\"sya_date\"> <span class=\"sya_sep\"> <\/span><\/span><a href=\"https:\/\/www.mj-lagrange.org\/?p=7924\" class=\"sya_postlink post-7924\" rel=\"bookmark\">M\u00e9diter le Rosaire avec le p\u00e8re Lagrange. Premier myst\u00e8re lumineux : Le Bapt\u00eame de J\u00e9sus<\/a><\/div><\/li><li class=\"\"><div class=\"sya_postcontent\"><span class=\"sya_date\"> <span class=\"sya_sep\"> <\/span><\/span><a href=\"https:\/\/www.mj-lagrange.org\/?p=7921\" class=\"sya_postlink post-7921\" rel=\"bookmark\">M\u00e9diter le Rosaire avec le p\u00e8re Lagrange. Cinqui\u00e8me myst\u00e8re joyeux : J\u00e9sus parmi les Docteurs de la Loi<\/a><\/div><\/li><li class=\"\"><div class=\"sya_postcontent\"><span class=\"sya_date\"> <span class=\"sya_sep\"> <\/span><\/span><a href=\"https:\/\/www.mj-lagrange.org\/?p=7917\" class=\"sya_postlink post-7917\" rel=\"bookmark\">M\u00e9diter le Rosaire avec le p\u00e8re Lagrange. Quatri\u00e8me myst\u00e8re joyeux : La Pr\u00e9sentation au Temple<\/a><\/div><\/li><li class=\"\"><div class=\"sya_postcontent\"><span class=\"sya_date\"> <span class=\"sya_sep\"> <\/span><\/span><a href=\"https:\/\/www.mj-lagrange.org\/?p=7913\" class=\"sya_postlink post-7913\" rel=\"bookmark\">M\u00e9diter le Rosaire avec le p\u00e8re Lagrange. Troisi\u00e8me myst\u00e8re joyeux : La Nativit\u00e9<\/a><\/div><\/li><li class=\"\"><div class=\"sya_postcontent\"><span class=\"sya_date\"> <span class=\"sya_sep\"> <\/span><\/span><a href=\"https:\/\/www.mj-lagrange.org\/?p=7911\" class=\"sya_postlink post-7911\" rel=\"bookmark\">\u00c9cho de notre page Facebook : octobre 2015<\/a><\/div><\/li><li class=\"\"><div class=\"sya_postcontent\"><span class=\"sya_date\"> <span class=\"sya_sep\"> <\/span><\/span><a href=\"https:\/\/www.mj-lagrange.org\/?p=7906\" class=\"sya_postlink post-7906\" rel=\"bookmark\">M\u00e9diter le Rosaire avec le p\u00e8re Lagrange. Deuxi\u00e8me myst\u00e8re joyeux : La Visitation<\/a><\/div><\/li><li class=\"\"><div class=\"sya_postcontent\"><span class=\"sya_date\"> <span class=\"sya_sep\"> <\/span><\/span><a href=\"https:\/\/www.mj-lagrange.org\/?p=7902\" class=\"sya_postlink post-7902\" rel=\"bookmark\">M\u00e9diter le Rosaire avec le p\u00e8re Lagrange. Premier myst\u00e8re joyeux : L&rsquo;Annonciation<\/a><\/div><\/li><li class=\"\"><div class=\"sya_postcontent\"><span class=\"sya_date\"> <span class=\"sya_sep\"> <\/span><\/span><a href=\"https:\/\/www.mj-lagrange.org\/?p=7862\" class=\"sya_postlink post-7862\" rel=\"bookmark\">\u00c9crits de circonstances-Avant-Propos de l&rsquo;\u00c9vangile selon saint Matthieu par le P. M.-J. Lagrange o. p. (extrait)<\/a><\/div><\/li><li class=\"\"><div class=\"sya_postcontent\"><span class=\"sya_date\"> <span class=\"sya_sep\"> <\/span><\/span><a href=\"https:\/\/www.mj-lagrange.org\/?p=7802\" class=\"sya_postlink post-7802\" rel=\"bookmark\">\u00c9cho de notre page Facebook : septembre 2015<\/a><\/div><\/li><li class=\"\"><div class=\"sya_postcontent\"><span class=\"sya_date\"> <span class=\"sya_sep\"> <\/span><\/span><a href=\"https:\/\/www.mj-lagrange.org\/?p=7781\" class=\"sya_postlink post-7781\" rel=\"bookmark\">Le Livre des Juges de M.-J. Lagrange o. p., compte rendu par Samuel Vanderstuyf<\/a><\/div><\/li><li class=\"\"><div class=\"sya_postcontent\"><span class=\"sya_date\"> <span class=\"sya_sep\"> <\/span><\/span><a href=\"https:\/\/www.mj-lagrange.org\/?p=7762\" class=\"sya_postlink post-7762\" rel=\"bookmark\">Marie-Joseph Lagrange OP et l&rsquo;\u00c9cole biblique et arch\u00e9ologique fran\u00e7aise de J\u00e9rusalem par Gabriel M. N\u00e0pole o. p.<\/a><\/div><\/li><li class=\"\"><div class=\"sya_postcontent\"><span class=\"sya_date\"> <span class=\"sya_sep\"> <\/span><\/span><a href=\"https:\/\/www.mj-lagrange.org\/?p=7695\" class=\"sya_postlink post-7695\" rel=\"bookmark\">Prier le rosaire avec saint Dominique par fr. Manuel Rivero O. P.<\/a><\/div><\/li><li class=\"\"><div class=\"sya_postcontent\"><span class=\"sya_date\"> <span class=\"sya_sep\"> <\/span><\/span><a href=\"https:\/\/www.mj-lagrange.org\/?p=7684\" class=\"sya_postlink post-7684\" rel=\"bookmark\">\u00c9cho de notre page Facebook : ao\u00fbt 2015<\/a><\/div><\/li><li class=\"\"><div class=\"sya_postcontent\"><span class=\"sya_date\"> <span class=\"sya_sep\"> <\/span><\/span><a href=\"https:\/\/www.mj-lagrange.org\/?p=7585\" class=\"sya_postlink post-7585\" rel=\"bookmark\">\u00c9cho de notre page Facebook : juillet 2015<\/a><\/div><\/li><li class=\"\"><div class=\"sya_postcontent\"><span class=\"sya_date\"> <span class=\"sya_sep\"> <\/span><\/span><a href=\"https:\/\/www.mj-lagrange.org\/?p=7365\" class=\"sya_postlink post-7365\" rel=\"bookmark\">\u00c9cho de notre page Facebook : juin 2015<\/a><\/div><\/li><li class=\"\"><div class=\"sya_postcontent\"><span class=\"sya_date\"> <span class=\"sya_sep\"> <\/span><\/span><a href=\"https:\/\/www.mj-lagrange.org\/?p=7334\" class=\"sya_postlink post-7334\" rel=\"bookmark\">Arch\u00e9ologie-PALMYRE par le P. M.-J. Lagrange des fr\u00e8res Pr\u00eacheurs<\/a><\/div><\/li><li class=\"\"><div class=\"sya_postcontent\"><span class=\"sya_date\"> <span class=\"sya_sep\"> <\/span><\/span><a href=\"https:\/\/www.mj-lagrange.org\/?p=7301\" class=\"sya_postlink post-7301\" rel=\"bookmark\">Le sage de la Bible : Fr.  Marie-Joseph Lagrange, O. P.<\/a><\/div><\/li><li class=\"\"><div class=\"sya_postcontent\"><span class=\"sya_date\"> <span class=\"sya_sep\"> <\/span><\/span><a href=\"https:\/\/www.mj-lagrange.org\/?p=7286\" class=\"sya_postlink post-7286\" rel=\"bookmark\">La le\u00e7on d&rsquo;humilit\u00e9 de Beno\u00eet XVI, du pape Fran\u00e7ois et du P. Lagrange par Rigoberto Gerardo Ortiz Trevi\u00f1o<\/a><\/div><\/li><li class=\"\"><div class=\"sya_postcontent\"><span class=\"sya_date\"> <span class=\"sya_sep\"> <\/span><\/span><a href=\"https:\/\/www.mj-lagrange.org\/?p=7256\" class=\"sya_postlink post-7256\" rel=\"bookmark\">Quelques pri\u00e8res et quelques pens\u00e9es du P\u00e8re Marie-Joseph Lagrange des fr\u00e8res Pr\u00eacheurs<\/a><\/div><\/li><li class=\"\"><div class=\"sya_postcontent\"><span class=\"sya_date\"> <span class=\"sya_sep\"> <\/span><\/span><a href=\"https:\/\/www.mj-lagrange.org\/?p=7178\" class=\"sya_postlink post-7178\" rel=\"bookmark\">\u00c9cho de notre page Facebook : mai 2015<\/a><\/div><\/li><li class=\"\"><div class=\"sya_postcontent\"><span class=\"sya_date\"> <span class=\"sya_sep\"> <\/span><\/span><a href=\"https:\/\/www.mj-lagrange.org\/?p=7121\" class=\"sya_postlink post-7121\" rel=\"bookmark\">Pour aller plus loin dans la connaissance de la spiritualit\u00e9 et de la vie du p\u00e8re Marie-Joseph Lagrange, O. P.<\/a><\/div><\/li><li class=\"\"><div class=\"sya_postcontent\"><span class=\"sya_date\"> <span class=\"sya_sep\"> <\/span><\/span><a href=\"https:\/\/www.mj-lagrange.org\/?p=7064\" class=\"sya_postlink post-7064\" rel=\"bookmark\">Litanies mariales de l&rsquo;ordre des Pr\u00eacheurs<\/a><\/div><\/li><li class=\"\"><div class=\"sya_postcontent\"><span class=\"sya_date\"> <span class=\"sya_sep\"> <\/span><\/span><a href=\"https:\/\/www.mj-lagrange.org\/?p=7016\" class=\"sya_postlink post-7016\" rel=\"bookmark\">\u00c9crits de circonstances-Pr\u00e9face du p\u00e8re M.-J. Lagrange au livre du P. Antonin Jaussen des Fr\u00e8res pr\u00eacheurs : Coutumes des Arabes au Pays de Moab<\/a><\/div><\/li><li class=\"\"><div class=\"sya_postcontent\"><span class=\"sya_date\"> <span class=\"sya_sep\"> <\/span><\/span><a href=\"https:\/\/www.mj-lagrange.org\/?p=10385\" class=\"sya_postlink post-10385\" rel=\"bookmark\">M\u00e9ditations des vingt myst\u00e8res du Rosaire avec le P\u00e8re Lagrange par fr. Manuel Rivero o.p.<\/a><\/div><\/li><li class=\"\"><div class=\"sya_postcontent\"><span class=\"sya_date\"> <span class=\"sya_sep\"> <\/span><\/span><a href=\"https:\/\/www.mj-lagrange.org\/?p=6933\" class=\"sya_postlink post-6933\" rel=\"bookmark\">Pourquoi appeler la Vierge Marie, M\u00e8re de l&rsquo;\u00c9glise ? par Fr. Manuel Rivero o. p.<\/a><\/div><\/li><li class=\"\"><div class=\"sya_postcontent\"><span class=\"sya_date\"> <span class=\"sya_sep\"> <\/span><\/span><a href=\"https:\/\/www.mj-lagrange.org\/?p=6900\" class=\"sya_postlink post-6900\" rel=\"bookmark\">\u00c9CHO de notre page Facebook : avril 2015<\/a><\/div><\/li><li class=\"\"><div class=\"sya_postcontent\"><span class=\"sya_date\"> <span class=\"sya_sep\"> <\/span><\/span><a href=\"https:\/\/www.mj-lagrange.org\/?p=6895\" class=\"sya_postlink post-6895\" rel=\"bookmark\">Semaine sainte 2015 avec le p\u00e8re Lagrange<\/a><\/div><\/li><li class=\"\"><div class=\"sya_postcontent\"><span class=\"sya_date\"> <span class=\"sya_sep\"> <\/span><\/span><a href=\"https:\/\/www.mj-lagrange.org\/?p=10383\" class=\"sya_postlink post-10383\" rel=\"bookmark\">T\u00e9moignage : \u00c0 la m\u00e9moire de Marie-Joseph Lagrange, Docteur de la tradition biblique par Xavier Zubiri<\/a><\/div><\/li><li class=\"\"><div class=\"sya_postcontent\"><span class=\"sya_date\"> <span class=\"sya_sep\"> <\/span><\/span><a href=\"https:\/\/www.mj-lagrange.org\/?p=6698\" class=\"sya_postlink post-6698\" rel=\"bookmark\">Lagrange, le mystique de la Bible par Lorenzo Fazzini<\/a><\/div><\/li><li class=\"\"><div class=\"sya_postcontent\"><span class=\"sya_date\"> <span class=\"sya_sep\"> <\/span><\/span><a href=\"https:\/\/www.mj-lagrange.org\/?p=6592\" class=\"sya_postlink post-6592\" rel=\"bookmark\">Journal spirituel (1879-1932) du P\u00e8re Marie-Joseph Lagrange O.P.<\/a><\/div><\/li><li class=\"\"><div class=\"sya_postcontent\"><span class=\"sya_date\"> <span class=\"sya_sep\"> <\/span><\/span><a href=\"https:\/\/www.mj-lagrange.org\/?p=6559\" class=\"sya_postlink post-6559\" rel=\"bookmark\">\u00c9CHO de notre page Facebook : mars 2015<\/a><\/div><\/li><li class=\"\"><div class=\"sya_postcontent\"><span class=\"sya_date\"> <span class=\"sya_sep\"> <\/span><\/span><a href=\"https:\/\/www.mj-lagrange.org\/?p=6556\" class=\"sya_postlink post-6556\" rel=\"bookmark\">Pr\u00e9sence du P\u00e8re Marie-Joseph Lagrange \u00e0 Bogot\u00e0, Colombie. Cr\u00e9ation d&rsquo;une Chaire Fr. M. Joseph Lagrange, OP<\/a><\/div><\/li><li class=\"\"><div class=\"sya_postcontent\"><span class=\"sya_date\"> <span class=\"sya_sep\"> <\/span><\/span><a href=\"https:\/\/www.mj-lagrange.org\/?p=6548\" class=\"sya_postlink post-6548\" rel=\"bookmark\">Ce que le P\u00e8re Lagrange doit \u00e0 Th\u00e9r\u00e8se d&rsquo;Avila par fr. Bernard Montagnes o.p.<\/a><\/div><\/li><li class=\"\"><div class=\"sya_postcontent\"><span class=\"sya_date\"> <span class=\"sya_sep\"> <\/span><\/span><a href=\"https:\/\/www.mj-lagrange.org\/?p=6505\" class=\"sya_postlink post-6505\" rel=\"bookmark\">B\u00e9atification de Giuseppe Girotti, dominicain, \u00e9l\u00e8ve du p\u00e8re Lagrange<\/a><\/div><\/li><li class=\"\"><div class=\"sya_postcontent\"><span class=\"sya_date\"> <span class=\"sya_sep\"> <\/span><\/span><a href=\"https:\/\/www.mj-lagrange.org\/?p=6253\" class=\"sya_postlink post-6253\" rel=\"bookmark\">\u00c9cho de notre page Facebook : f\u00e9vrier 2015<\/a><\/div><\/li><li class=\"\"><div class=\"sya_postcontent\"><span class=\"sya_date\"> <span class=\"sya_sep\"> <\/span><\/span><a href=\"https:\/\/www.mj-lagrange.org\/?p=6204\" class=\"sya_postlink post-6204\" rel=\"bookmark\">Marie-Joseph Lagrange par le P. Gerardo Cioffari OP<\/a><\/div><\/li><li class=\"\"><div class=\"sya_postcontent\"><span class=\"sya_date\"> <span class=\"sya_sep\"> <\/span><\/span><a href=\"https:\/\/www.mj-lagrange.org\/?p=6179\" class=\"sya_postlink post-6179\" rel=\"bookmark\">Le dominicain Marie-Joseph Lagrange &#8211; L&rsquo;Osservatore Romano, 29 novembre 2014<\/a><\/div><\/li><\/ul><a id=\"year2014\"><\/a>2014<ul><li class=\"\"><div class=\"sya_postcontent\"><span class=\"sya_date\"> <span class=\"sya_sep\"> <\/span><\/span><a href=\"https:\/\/www.mj-lagrange.org\/?p=6049\" class=\"sya_postlink post-6049\" rel=\"bookmark\">Journal spirituel du P\u00e8re Marie-Joseph Lagrange. Recension Erwan Chauty<\/a><\/div><\/li><li class=\"\"><div class=\"sya_postcontent\"><span class=\"sya_date\"> <span class=\"sya_sep\"> <\/span><\/span><a href=\"https:\/\/www.mj-lagrange.org\/?p=6045\" class=\"sya_postlink post-6045\" rel=\"bookmark\">Journal spirituel du P\u00e8re Marie-Joseph Lagrange. Recension J.-C. Desmidt<\/a><\/div><\/li><li class=\"\"><div class=\"sya_postcontent\"><span class=\"sya_date\"> <span class=\"sya_sep\"> <\/span><\/span><a href=\"https:\/\/www.mj-lagrange.org\/?p=5956\" class=\"sya_postlink post-5956\" rel=\"bookmark\">Journ\u00e9es P\u00e8re Lagrange \u00e0 Rome : 23-24 octobre 2015<\/a><\/div><\/li><li class=\"\"><div class=\"sya_postcontent\"><span class=\"sya_date\"> <span class=\"sya_sep\"> <\/span><\/span><a href=\"https:\/\/www.mj-lagrange.org\/?p=5935\" class=\"sya_postlink post-5935\" rel=\"bookmark\">Pr\u00e9sentation \u00e0 Nice du Journal spirituel du p\u00e8re Lagrange par fr. Manuel Rivero o.p.<\/a><\/div><\/li><li class=\"\"><div class=\"sya_postcontent\"><span class=\"sya_date\"> <span class=\"sya_sep\"> <\/span><\/span><a href=\"https:\/\/www.mj-lagrange.org\/?p=5740\" class=\"sya_postlink post-5740\" rel=\"bookmark\">La difficile histoire du P\u00e8re Lagrange par Dr Antonio Alvarez Vald\u00e9s<\/a><\/div><\/li><li class=\"\"><div class=\"sya_postcontent\"><span class=\"sya_date\"> <span class=\"sya_sep\"> <\/span><\/span><a href=\"https:\/\/www.mj-lagrange.org\/?p=5712\" class=\"sya_postlink post-5712\" rel=\"bookmark\">Lettre aux amis de l&rsquo;association. Septembre 2014<\/a><\/div><\/li><li class=\"\"><div class=\"sya_postcontent\"><span class=\"sya_date\"> <span class=\"sya_sep\"> <\/span><\/span><a href=\"https:\/\/www.mj-lagrange.org\/?p=5658\" class=\"sya_postlink post-5658\" rel=\"bookmark\">Trois conf\u00e9rences sur l&rsquo;\u00e2me de trois grandes figures du XXe si\u00e8cle par fr. Manuel Rivero, o.p.<\/a><\/div><\/li><li class=\"\"><div class=\"sya_postcontent\"><span class=\"sya_date\"> <span class=\"sya_sep\"> <\/span><\/span><a href=\"https:\/\/www.mj-lagrange.org\/?p=5633\" class=\"sya_postlink post-5633\" rel=\"bookmark\">JOURNAL SPIRITUEL de Marie-Joseph Lagrange des Fr\u00e8res pr\u00eacheurs<\/a><\/div><\/li><li class=\"\"><div class=\"sya_postcontent\"><span class=\"sya_date\"> <span class=\"sya_sep\"> <\/span><\/span><a href=\"https:\/\/www.mj-lagrange.org\/?p=5621\" class=\"sya_postlink post-5621\" rel=\"bookmark\">Sainte Marie Madeleine et l\u2019exp\u00e9rience premi\u00e8re du fondateur de l\u2019Institut biblique et arch\u00e9ologique de J\u00e9rusalem par Margo Gravel-Provencher<\/a><\/div><\/li><li class=\"\"><div class=\"sya_postcontent\"><span class=\"sya_date\"> <span class=\"sya_sep\"> <\/span><\/span><a href=\"https:\/\/www.mj-lagrange.org\/?p=5578\" class=\"sya_postlink post-5578\" rel=\"bookmark\">Le P\u00e8re Lagrange et l&rsquo;\u00e9tude historique de la Bible par Isaac Augustine Morales, o. p.<\/a><\/div><\/li><li class=\"\"><div class=\"sya_postcontent\"><span class=\"sya_date\"> <span class=\"sya_sep\"> <\/span><\/span><a href=\"https:\/\/www.mj-lagrange.org\/?p=5550\" class=\"sya_postlink post-5550\" rel=\"bookmark\">La pr\u00e9sence dominicaine en Orient par Ir\u00e9n\u00e9e-Henri Dalmais o.p. et pri\u00e8re \u00e0 Notre-Dame-de-l&rsquo;Heure par fr. Nageeb Mikhail o.p.<\/a><\/div><\/li><li class=\"\"><div class=\"sya_postcontent\"><span class=\"sya_date\"> <span class=\"sya_sep\"> <\/span><\/span><a href=\"https:\/\/www.mj-lagrange.org\/?p=5533\" class=\"sya_postlink post-5533\" rel=\"bookmark\">\u00c9cole biblique et arch\u00e9ologique fran\u00e7aise, aujourd&rsquo;hui par Charles Enderlin<\/a><\/div><\/li><li class=\"\"><div class=\"sya_postcontent\"><span class=\"sya_date\"> <span class=\"sya_sep\"> <\/span><\/span><a href=\"https:\/\/www.mj-lagrange.org\/?p=5530\" class=\"sya_postlink post-5530\" rel=\"bookmark\">Conf\u00e9rences \u00e0 Marseille sur le p\u00e8re Lagrange par Fr. Manuel Rivero o. p.<\/a><\/div><\/li><li class=\"\"><div class=\"sya_postcontent\"><span class=\"sya_date\"> <span class=\"sya_sep\"> <\/span><\/span><a href=\"https:\/\/www.mj-lagrange.org\/?p=5521\" class=\"sya_postlink post-5521\" rel=\"bookmark\">Le P\u00e8re Lagrange, savant et croyant par Fabrice Bouthillon<\/a><\/div><\/li><li class=\"\"><div class=\"sya_postcontent\"><span class=\"sya_date\"> <span class=\"sya_sep\"> <\/span><\/span><a href=\"https:\/\/www.mj-lagrange.org\/?p=5507\" class=\"sya_postlink post-5507\" rel=\"bookmark\">Extrait du Rapport sur un voyage d&rsquo;\u00e9tude \u00e0 Constantinople, en \u00c9gypte et en Turquie d&rsquo;Asie par Maurice Pernot<\/a><\/div><\/li><li class=\"\"><div class=\"sya_postcontent\"><span class=\"sya_date\"> <span class=\"sya_sep\"> <\/span><\/span><a href=\"https:\/\/www.mj-lagrange.org\/?p=5473\" class=\"sya_postlink post-5473\" rel=\"bookmark\">Marie-Joseph Lagrange. Une biographie critique par Bernard Montagnes. Recension de Pierre Lassave.<\/a><\/div><\/li><li class=\"\"><div class=\"sya_postcontent\"><span class=\"sya_date\"> <span class=\"sya_sep\"> <\/span><\/span><a href=\"https:\/\/www.mj-lagrange.org\/?p=10382\" class=\"sya_postlink post-10382\" rel=\"bookmark\">\u00ab\u202fL\u2019\u00c9glise doit accepter d\u2019\u00eatre d\u00e9pouill\u00e9e pour rena\u00eetre\u202f\u00bb par le P. Timothy Radcliffe O.P.<\/a><\/div><\/li><li class=\"\"><div class=\"sya_postcontent\"><span class=\"sya_date\"> <span class=\"sya_sep\"> <\/span><\/span><a href=\"https:\/\/www.mj-lagrange.org\/?p=5436\" class=\"sya_postlink post-5436\" rel=\"bookmark\">Autun : Conf\u00e9rences sur le P. Lagrange par fr. Manuel Rivero o. p.<\/a><\/div><\/li><li class=\"\"><div class=\"sya_postcontent\"><span class=\"sya_date\"> <span class=\"sya_sep\"> <\/span><\/span><a href=\"https:\/\/www.mj-lagrange.org\/?p=5414\" class=\"sya_postlink post-5414\" rel=\"bookmark\">M.-J. Lagrange, un personnage qui v\u00e9cut \u00e0 Autun d&rsquo;apr\u00e8s un article du Journal de Sa\u00f4ne et Loire, le 6 juin 2014<\/a><\/div><\/li><li class=\"\"><div class=\"sya_postcontent\"><span class=\"sya_date\"> <span class=\"sya_sep\"> <\/span><\/span><a href=\"https:\/\/www.mj-lagrange.org\/?p=5406\" class=\"sya_postlink post-5406\" rel=\"bookmark\">Introduction par Roland de Vaux o.p. \u00e0 La M\u00e9thode historique, \u00e9d. 1966<\/a><\/div><\/li><li class=\"\"><div class=\"sya_postcontent\"><span class=\"sya_date\"> <span class=\"sya_sep\"> <\/span><\/span><a href=\"https:\/\/www.mj-lagrange.org\/?p=5396\" class=\"sya_postlink post-5396\" rel=\"bookmark\">T\u00e9moignage : Soudain une \u00e9toile plus brillante que les autres s&rsquo;alluma par Fr\u00e9d\u00e9ric Manns<\/a><\/div><\/li><li class=\"\"><div class=\"sya_postcontent\"><span class=\"sya_date\"> <span class=\"sya_sep\"> <\/span><\/span><a href=\"https:\/\/www.mj-lagrange.org\/?p=5332\" class=\"sya_postlink post-5332\" rel=\"bookmark\">Avant-propos au Portrait du p\u00e8re Lagrange. Celui qui a r\u00e9concili\u00e9 la science et la foi par Jean Guitton, de l&rsquo;Acad\u00e9mie fran\u00e7aise<\/a><\/div><\/li><li class=\"\"><div class=\"sya_postcontent\"><span class=\"sya_date\"> <span class=\"sya_sep\"> <\/span><\/span><a href=\"https:\/\/www.mj-lagrange.org\/?p=5288\" class=\"sya_postlink post-5288\" rel=\"bookmark\">Lettres du P. Lagrange \u00e0 Mgr Bruno de Solages par Bernard Montagnes o.p.<\/a><\/div><\/li><li class=\"\"><div class=\"sya_postcontent\"><span class=\"sya_date\"> <span class=\"sya_sep\"> <\/span><\/span><a href=\"https:\/\/www.mj-lagrange.org\/?p=5261\" class=\"sya_postlink post-5261\" rel=\"bookmark\">Les ma\u00eetres g\u00e9n\u00e9raux du P\u00e8re Lagrange par Bernard Montagnes o.p.<\/a><\/div><\/li><li class=\"\"><div class=\"sya_postcontent\"><span class=\"sya_date\"> <span class=\"sya_sep\"> <\/span><\/span><a href=\"https:\/\/www.mj-lagrange.org\/?p=5247\" class=\"sya_postlink post-5247\" rel=\"bookmark\">M\u00e9ditations des myst\u00e8res du Rosaire par fr. Manuel Rivero, o. p.<\/a><\/div><\/li><li class=\"\"><div class=\"sya_postcontent\"><span class=\"sya_date\"> <span class=\"sya_sep\"> <\/span><\/span><a href=\"https:\/\/www.mj-lagrange.org\/?p=5239\" class=\"sya_postlink post-5239\" rel=\"bookmark\">De Saint-Denis de la R\u00e9union<\/a><\/div><\/li><li class=\"\"><div class=\"sya_postcontent\"><span class=\"sya_date\"> <span class=\"sya_sep\"> <\/span><\/span><a href=\"https:\/\/www.mj-lagrange.org\/?p=5213\" class=\"sya_postlink post-5213\" rel=\"bookmark\">Le P\u00e8re Lagrange, le p\u00e8re Cormier et la pri\u00e8re du Rosaire par Fr. Manuel Rivero o. p.<\/a><\/div><\/li><li class=\"\"><div class=\"sya_postcontent\"><span class=\"sya_date\"> <span class=\"sya_sep\"> <\/span><\/span><a href=\"https:\/\/www.mj-lagrange.org\/?p=5202\" class=\"sya_postlink post-5202\" rel=\"bookmark\">L&rsquo;oeuvre ex\u00e9g\u00e9tique et historique du R.P. Lagrange. Pr\u00e9face de Mgr A. Li\u00e9nart.<\/a><\/div><\/li><li class=\"\"><div class=\"sya_postcontent\"><span class=\"sya_date\"> <span class=\"sya_sep\"> <\/span><\/span><a href=\"https:\/\/www.mj-lagrange.org\/?p=5193\" class=\"sya_postlink post-5193\" rel=\"bookmark\">T\u00e9moignage de Fr. Pierre Benoit, o. p. : Le P\u00e8re Lagrange au service de la Bible. Pr\u00e9face<\/a><\/div><\/li><li class=\"\"><div class=\"sya_postcontent\"><span class=\"sya_date\"> <span class=\"sya_sep\"> <\/span><\/span><a href=\"https:\/\/www.mj-lagrange.org\/?p=5184\" class=\"sya_postlink post-5184\" rel=\"bookmark\">T\u00e9moignage de Fr. J\u00e9r\u00f4me Murphy O&rsquo;Connor o. p. sur Fr.  Marie-Joseph Lagrange, o. p.<\/a><\/div><\/li><li class=\"\"><div class=\"sya_postcontent\"><span class=\"sya_date\"> <span class=\"sya_sep\"> <\/span><\/span><a href=\"https:\/\/www.mj-lagrange.org\/?p=5181\" class=\"sya_postlink post-5181\" rel=\"bookmark\">T\u00e9moignage de Jean Guitton : L&rsquo;influence du R. P. Lagrange<\/a><\/div><\/li><li class=\"\"><div class=\"sya_postcontent\"><span class=\"sya_date\"> <span class=\"sya_sep\"> <\/span><\/span><a href=\"https:\/\/www.mj-lagrange.org\/?p=5150\" class=\"sya_postlink post-5150\" rel=\"bookmark\">Mo\u00efse et le buisson ardent dans l&rsquo;art d&rsquo;Orient et d&rsquo;Occident<\/a><\/div><\/li><li class=\"\"><div class=\"sya_postcontent\"><span class=\"sya_date\"> <span class=\"sya_sep\"> <\/span><\/span><a href=\"https:\/\/www.mj-lagrange.org\/?p=5115\" class=\"sya_postlink post-5115\" rel=\"bookmark\">\u00c9cole biblique et arch\u00e9ologique fran\u00e7aise de J\u00e9rusalem<\/a><\/div><\/li><li class=\"\"><div class=\"sya_postcontent\"><span class=\"sya_date\"> <span class=\"sya_sep\"> <\/span><\/span><a href=\"https:\/\/www.mj-lagrange.org\/?p=5106\" class=\"sya_postlink post-5106\" rel=\"bookmark\">Ma m\u00e8re Victoria est partie vers le P\u00e8re le 3 avril 2014 par Fr. Manuel Rivero o.p.<\/a><\/div><\/li><li class=\"\"><div class=\"sya_postcontent\"><span class=\"sya_date\"> <span class=\"sya_sep\"> <\/span><\/span><a href=\"https:\/\/www.mj-lagrange.org\/?p=5049\" class=\"sya_postlink post-5049\" rel=\"bookmark\">Saint Joseph. Le p\u00e8re adoptif de J\u00e9sus par Fr. Manuel Rivero o.p.<\/a><\/div><\/li><li class=\"\"><div class=\"sya_postcontent\"><span class=\"sya_date\"> <span class=\"sya_sep\"> <\/span><\/span><a href=\"https:\/\/www.mj-lagrange.org\/?p=5025\" class=\"sya_postlink post-5025\" rel=\"bookmark\">Ancien Testament : Deux commentaires des Psaumes par le R. P. Marie-Joseph Lagrange des fr\u00e8res Pr\u00eacheurs*<\/a><\/div><\/li><li class=\"\"><div class=\"sya_postcontent\"><span class=\"sya_date\"> <span class=\"sya_sep\"> <\/span><\/span><a href=\"https:\/\/www.mj-lagrange.org\/?p=5015\" class=\"sya_postlink post-5015\" rel=\"bookmark\">La synopse des quatre \u00e9vangiles par les p\u00e8res dominicains Lagrange et Lavergne par Fr. Manuel Rivero o. p.<\/a><\/div><\/li><li class=\"\"><div class=\"sya_postcontent\"><span class=\"sya_date\"> <span class=\"sya_sep\"> <\/span><\/span><a href=\"https:\/\/www.mj-lagrange.org\/?p=4996\" class=\"sya_postlink post-4996\" rel=\"bookmark\">L&rsquo;Amiti\u00e9 Batiffol-Lagrange par Fr. Bernard Montagnes o. p.<\/a><\/div><\/li><li class=\"\"><div class=\"sya_postcontent\"><span class=\"sya_date\"> <span class=\"sya_sep\"> <\/span><\/span><a href=\"https:\/\/www.mj-lagrange.org\/?p=4971\" class=\"sya_postlink post-4971\" rel=\"bookmark\">Le thomisme du P\u00e8re Lagrange par Fr. Bernard Montagnes o. p.<\/a><\/div><\/li><li class=\"\"><div class=\"sya_postcontent\"><span class=\"sya_date\"> <span class=\"sya_sep\"> <\/span><\/span><a href=\"https:\/\/www.mj-lagrange.org\/?p=4968\" class=\"sya_postlink post-4968\" rel=\"bookmark\">L&rsquo;an 1890 \u00e0 J\u00e9rusalem par Anne Furst (article de 1995)<\/a><\/div><\/li><li class=\"\"><div class=\"sya_postcontent\"><span class=\"sya_date\"> <span class=\"sya_sep\"> <\/span><\/span><a href=\"https:\/\/www.mj-lagrange.org\/?p=4925\" class=\"sya_postlink post-4925\" rel=\"bookmark\">Intentions confi\u00e9es \u00e0 l&rsquo;intercession du P\u00e8re Lagrange (2005-2014)<\/a><\/div><\/li><li class=\"\"><div class=\"sya_postcontent\"><span class=\"sya_date\"> <span class=\"sya_sep\"> <\/span><\/span><a href=\"https:\/\/www.mj-lagrange.org\/?p=4915\" class=\"sya_postlink post-4915\" rel=\"bookmark\">Lagrange devant l&rsquo;ex\u00e9g\u00e8se de Loisy par Fr. Bernard Montagnes o. p.<\/a><\/div><\/li><li class=\"\"><div class=\"sya_postcontent\"><span class=\"sya_date\"> <span class=\"sya_sep\"> <\/span><\/span><a href=\"https:\/\/www.mj-lagrange.org\/?p=4911\" class=\"sya_postlink post-4911\" rel=\"bookmark\">Marie-Joseph Lagrange. La figure du savant et du croyant par Fr. Bernard Montagnes o. p.<\/a><\/div><\/li><li class=\"\"><div class=\"sya_postcontent\"><span class=\"sya_date\"> <span class=\"sya_sep\"> <\/span><\/span><a href=\"https:\/\/www.mj-lagrange.org\/?p=4828\" class=\"sya_postlink post-4828\" rel=\"bookmark\">Recension-La Vie de J\u00e9sus d&rsquo;apr\u00e8s Renan par le R. P. Marie-Joseph Lagrange des fr\u00e8res Pr\u00eacheurs<\/a><\/div><\/li><li class=\"\"><div class=\"sya_postcontent\"><span class=\"sya_date\"> <span class=\"sya_sep\"> <\/span><\/span><a href=\"https:\/\/www.mj-lagrange.org\/?p=4797\" class=\"sya_postlink post-4797\" rel=\"bookmark\">Le P\u00e8re Lagrange et l\u2019ex\u00e9g\u00e8se du Psautier par Fr. Jean-Luc Vesco o. p<\/a><\/div><\/li><li class=\"\"><div class=\"sya_postcontent\"><span class=\"sya_date\"> <span class=\"sya_sep\"> <\/span><\/span><a href=\"https:\/\/www.mj-lagrange.org\/?p=4788\" class=\"sya_postlink post-4788\" rel=\"bookmark\">\u00c9crits de circonstances-De la n\u00e9cessit\u00e9 de la cr\u00e9ation d&rsquo;une revue biblique en 1892 par le R.P. Marie-Joseph Lagrange des fr\u00e8res Pr\u00eacheurs<\/a><\/div><\/li><li class=\"\"><div class=\"sya_postcontent\"><span class=\"sya_date\"> <span class=\"sya_sep\"> <\/span><\/span><a href=\"https:\/\/www.mj-lagrange.org\/?p=4780\" class=\"sya_postlink post-4780\" rel=\"bookmark\">Ancien Testament-La paternit\u00e9 de Dieu dans l&rsquo;Ancien Testament par le R.P. Marie-Joseph Lagrange des fr\u00e8res Pr\u00eacheurs<\/a><\/div><\/li><li class=\"\"><div class=\"sya_postcontent\"><span class=\"sya_date\"> <span class=\"sya_sep\"> <\/span><\/span><a href=\"https:\/\/www.mj-lagrange.org\/?p=4723\" class=\"sya_postlink post-4723\" rel=\"bookmark\">Ancien Testament-La Vierge et Emmanuel par Marie-Joseph Lagrange des fr\u00e8res Pr\u00eacheurs*<\/a><\/div><\/li><li class=\"\"><div class=\"sya_postcontent\"><span class=\"sya_date\"> <span class=\"sya_sep\"> <\/span><\/span><a href=\"https:\/\/www.mj-lagrange.org\/?p=4715\" class=\"sya_postlink post-4715\" rel=\"bookmark\">Le P\u00e8re Marie-Joseph Lagrange et les Juifs par Fr. Bernard Montagnes o. p.<\/a><\/div><\/li><li class=\"\"><div class=\"sya_postcontent\"><span class=\"sya_date\"> <span class=\"sya_sep\"> <\/span><\/span><a href=\"https:\/\/www.mj-lagrange.org\/?p=4687\" class=\"sya_postlink post-4687\" rel=\"bookmark\">Entretien avec Mgr Yousif Mirkis, O. P. sur l&rsquo;\u00c9glise Chald\u00e9enne<\/a><\/div><\/li><li class=\"\"><div class=\"sya_postcontent\"><span class=\"sya_date\"> <span class=\"sya_sep\"> <\/span><\/span><a href=\"https:\/\/www.mj-lagrange.org\/?p=4684\" class=\"sya_postlink post-4684\" rel=\"bookmark\">L&rsquo;h\u00e9r\u00e9sie de la violence au nom de Dieu par Serge-Thomas Bonino, o. p., Secr\u00e9taire g\u00e9n\u00e9ral de la Commission th\u00e9ologique internationale<\/a><\/div><\/li><\/ul><a id=\"year2013\"><\/a>2013<ul><li class=\"\"><div class=\"sya_postcontent\"><span class=\"sya_date\"> <span class=\"sya_sep\"> <\/span><\/span><a href=\"https:\/\/www.mj-lagrange.org\/?p=4636\" class=\"sya_postlink post-4636\" rel=\"bookmark\">L&rsquo;ann\u00e9e 2013 s&rsquo;en va doucement<\/a><\/div><\/li><li class=\"\"><div class=\"sya_postcontent\"><span class=\"sya_date\"> <span class=\"sya_sep\"> <\/span><\/span><a href=\"https:\/\/www.mj-lagrange.org\/?p=10381\" class=\"sya_postlink post-10381\" rel=\"bookmark\">Nous vous souhaitons de Joyeuses et Saintes f\u00eates de la Nativit\u00e9 du Seigneur !<\/a><\/div><\/li><li class=\"\"><div class=\"sya_postcontent\"><span class=\"sya_date\"> <span class=\"sya_sep\"> <\/span><\/span><a href=\"https:\/\/www.mj-lagrange.org\/?p=4614\" class=\"sya_postlink post-4614\" rel=\"bookmark\">Nous vous souhaitons de Joyeuses et Saintes f\u00eates de la Nativit\u00e9 du Seigneur !<\/a><\/div><\/li><li class=\"\"><div class=\"sya_postcontent\"><span class=\"sya_date\"> <span class=\"sya_sep\"> <\/span><\/span><a href=\"https:\/\/www.mj-lagrange.org\/?p=4589\" class=\"sya_postlink post-4589\" rel=\"bookmark\">Expo Les Chr\u00e9tiens d&rsquo;Orient \u00e0 Paris, du jeudi 9 janvier au dimanche 2 f\u00e9vrier 2014<\/a><\/div><\/li><li class=\"\"><div class=\"sya_postcontent\"><span class=\"sya_date\"> <span class=\"sya_sep\"> <\/span><\/span><a href=\"https:\/\/www.mj-lagrange.org\/?p=4552\" class=\"sya_postlink post-4552\" rel=\"bookmark\">Le JOURNAL SPIRITUEL du P\u00e8re Lagrange, disponible en librairie depuis octobre 2014 !<\/a><\/div><\/li><li class=\"\"><div class=\"sya_postcontent\"><span class=\"sya_date\"> <span class=\"sya_sep\"> <\/span><\/span><a href=\"https:\/\/www.mj-lagrange.org\/?p=4547\" class=\"sya_postlink post-4547\" rel=\"bookmark\">Chers amis du p\u00e8re Lagrange<\/a><\/div><\/li><li class=\"\"><div class=\"sya_postcontent\"><span class=\"sya_date\"> <span class=\"sya_sep\"> <\/span><\/span><a href=\"https:\/\/www.mj-lagrange.org\/?p=4361\" class=\"sya_postlink post-4361\" rel=\"bookmark\">La question biblique au temps de Pie XI par Bernard Montagnes o. p.<\/a><\/div><\/li><li class=\"\"><div class=\"sya_postcontent\"><span class=\"sya_date\"> <span class=\"sya_sep\"> <\/span><\/span><a href=\"https:\/\/www.mj-lagrange.org\/?p=4356\" class=\"sya_postlink post-4356\" rel=\"bookmark\">10 mars 1938-10 octobre 2013<\/a><\/div><\/li><li class=\"\"><div class=\"sya_postcontent\"><span class=\"sya_date\"> <span class=\"sya_sep\"> <\/span><\/span><a href=\"https:\/\/www.mj-lagrange.org\/?p=4332\" class=\"sya_postlink post-4332\" rel=\"bookmark\">Assembl\u00e9e g\u00e9n\u00e9rale ordinaire de l&rsquo;association le 26 octobre 2013<\/a><\/div><\/li><li class=\"\"><div class=\"sya_postcontent\"><span class=\"sya_date\"> <span class=\"sya_sep\"> <\/span><\/span><a href=\"https:\/\/www.mj-lagrange.org\/?p=4316\" class=\"sya_postlink post-4316\" rel=\"bookmark\">T\u00e9moignage de Marie-Ange Petitgen\u00eat : Comment j&rsquo;ai connu le p\u00e8re Lagrange<\/a><\/div><\/li><li class=\"\"><div class=\"sya_postcontent\"><span class=\"sya_date\"> <span class=\"sya_sep\"> <\/span><\/span><a href=\"https:\/\/www.mj-lagrange.org\/?p=4303\" class=\"sya_postlink post-4303\" rel=\"bookmark\">13 octobre 2013 : B\u00e9atification de deux nouveaux fr\u00e8res dominicains<\/a><\/div><\/li><li class=\"\"><div class=\"sya_postcontent\"><span class=\"sya_date\"> <span class=\"sya_sep\"> <\/span><\/span><a href=\"https:\/\/www.mj-lagrange.org\/?p=4280\" class=\"sya_postlink post-4280\" rel=\"bookmark\">Un ex\u00e9g\u00e8te en qu\u00eate de Dieu : Le P\u00e8re Lagrange par Fr. Bernard Montagnes o. p.<\/a><\/div><\/li><li class=\"\"><div class=\"sya_postcontent\"><span class=\"sya_date\"> <span class=\"sya_sep\"> <\/span><\/span><a href=\"https:\/\/www.mj-lagrange.org\/?p=4264\" class=\"sya_postlink post-4264\" rel=\"bookmark\">Activit\u00e9s arch\u00e9ologiques de l\u2019\u00c9cole biblique et arch\u00e9ologique fran\u00e7aise \u00e0 J\u00e9rusalem depuis 1890 par \u2020 Pierre Beno\u00eet, o. p. Professeur \u00e0 l\u2019\u00c9cole biblique et arch\u00e9ologique fran\u00e7aise.<\/a><\/div><\/li><li class=\"\"><div class=\"sya_postcontent\"><span class=\"sya_date\"> <span class=\"sya_sep\"> <\/span><\/span><a href=\"https:\/\/www.mj-lagrange.org\/?p=4258\" class=\"sya_postlink post-4258\" rel=\"bookmark\">La crise biblique telle qu\u2019elle a \u00e9t\u00e9 v\u00e9cue au temps du modernisme par Bernard Montagnes o. p.<\/a><\/div><\/li><li class=\"\"><div class=\"sya_postcontent\"><span class=\"sya_date\"> <span class=\"sya_sep\"> <\/span><\/span><a href=\"https:\/\/www.mj-lagrange.org\/?p=4243\" class=\"sya_postlink post-4243\" rel=\"bookmark\">L&rsquo;\u00c9cole biblique et la d\u00e9couverte arch\u00e9ologique par Monsieur Ernest Will, Membre de l\u2019Acad\u00e9mie des inscriptions et belles-lettres.<\/a><\/div><\/li><li class=\"\"><div class=\"sya_postcontent\"><span class=\"sya_date\"> <span class=\"sya_sep\"> <\/span><\/span><a href=\"https:\/\/www.mj-lagrange.org\/?p=4219\" class=\"sya_postlink post-4219\" rel=\"bookmark\">Un grand scientifique, \u00e9l\u00e8ve et disciple du p\u00e8re Lagrange : Le P. Antonin Jaussen o. p.<\/a><\/div><\/li><li class=\"\"><div class=\"sya_postcontent\"><span class=\"sya_date\"> <span class=\"sya_sep\"> <\/span><\/span><a href=\"https:\/\/www.mj-lagrange.org\/?p=4184\" class=\"sya_postlink post-4184\" rel=\"bookmark\">T\u00e9moignage : La saintet\u00e9 du p\u00e8re Lagrange : Le t\u00e9moignage d&rsquo;un adversaire par Fr. Bernard Montagnes o. p.<\/a><\/div><\/li><li class=\"\"><div class=\"sya_postcontent\"><span class=\"sya_date\"> <span class=\"sya_sep\"> <\/span><\/span><a href=\"https:\/\/www.mj-lagrange.org\/?p=4170\" class=\"sya_postlink post-4170\" rel=\"bookmark\">T\u00e9moignage : Le P\u00e8re Lagrange &#8211; Chronique de Jean Guitton, de l\u2019Acad\u00e9mie fran\u00e7aise,  parue dans Le Figaro Litt\u00e9raire, le 21 mars 1988<\/a><\/div><\/li><li class=\"\"><div class=\"sya_postcontent\"><span class=\"sya_date\"> <span class=\"sya_sep\"> <\/span><\/span><a href=\"https:\/\/www.mj-lagrange.org\/?p=4101\" class=\"sya_postlink post-4101\" rel=\"bookmark\">\u00c9cho de notre page Facebook : du 29\/04\/13 au 04\/10\/14<\/a><\/div><\/li><li class=\"\"><div class=\"sya_postcontent\"><span class=\"sya_date\"> <span class=\"sya_sep\"> <\/span><\/span><a href=\"https:\/\/www.mj-lagrange.org\/?p=4076\" class=\"sya_postlink post-4076\" rel=\"bookmark\">T\u00e9moignage : La premi\u00e8re rencontre que j&rsquo;ai faite avec le P. Lagrange&#8230;<\/a><\/div><\/li><li class=\"\"><div class=\"sya_postcontent\"><span class=\"sya_date\"> <span class=\"sya_sep\"> <\/span><\/span><a href=\"https:\/\/www.mj-lagrange.org\/?p=4073\" class=\"sya_postlink post-4073\" rel=\"bookmark\">Gr\u00e2ce de r\u00e9conciliation obtenue&#8230;<\/a><\/div><\/li><li class=\"\"><div class=\"sya_postcontent\"><span class=\"sya_date\"> <span class=\"sya_sep\"> <\/span><\/span><a href=\"https:\/\/www.mj-lagrange.org\/?p=4042\" class=\"sya_postlink post-4042\" rel=\"bookmark\">T\u00e9moignage : Que l&rsquo;exemple de fr. Lagrange nous stimule, par Pierre Marie Niang<\/a><\/div><\/li><li class=\"\"><div class=\"sya_postcontent\"><span class=\"sya_date\"> <span class=\"sya_sep\"> <\/span><\/span><a href=\"https:\/\/www.mj-lagrange.org\/?p=4034\" class=\"sya_postlink post-4034\" rel=\"bookmark\">\u00c9crits de circonstances-La correspondance du P\u00e8re Lagrange avec l&rsquo;abb\u00e9 Bardy, \u00e9d. par Fr. Bernard Montagnes o.p., archiviste provincial<\/a><\/div><\/li><li class=\"\"><div class=\"sya_postcontent\"><span class=\"sya_date\"> <span class=\"sya_sep\"> <\/span><\/span><a href=\"https:\/\/www.mj-lagrange.org\/?p=4019\" class=\"sya_postlink post-4019\" rel=\"bookmark\">Le P\u00e8re Lagrange rencontre l&rsquo;abb\u00e9 Fouque \u00e0 Marseille par Manuel Rivero o. p.<\/a><\/div><\/li><li class=\"\"><div class=\"sya_postcontent\"><span class=\"sya_date\"> <span class=\"sya_sep\"> <\/span><\/span><a href=\"https:\/\/www.mj-lagrange.org\/?p=4009\" class=\"sya_postlink post-4009\" rel=\"bookmark\">13 juin 2013. O\u00f9 en est la b\u00e9atification du P\u00e8re Marie-Joseph Lagrange ? par Manuel Rivero o. p.<\/a><\/div><\/li><li class=\"\"><div class=\"sya_postcontent\"><span class=\"sya_date\"> <span class=\"sya_sep\"> <\/span><\/span><a href=\"https:\/\/www.mj-lagrange.org\/?p=3987\" class=\"sya_postlink post-3987\" rel=\"bookmark\">Que s&rsquo;est-il pass\u00e9 le 5 juin 1891, en la f\u00eate du Sacr\u00e9-Coeur ? &#8211; Pose de la premi\u00e8re pierre du b\u00e2timent de l&rsquo;\u00c9cole biblique de J\u00e9rusalem par Marie-Joseph Lagrange, o.p.<\/a><\/div><\/li><li class=\"\"><div class=\"sya_postcontent\"><span class=\"sya_date\"> <span class=\"sya_sep\"> <\/span><\/span><a href=\"https:\/\/www.mj-lagrange.org\/?p=3976\" class=\"sya_postlink post-3976\" rel=\"bookmark\">Extrait-Pr\u00e9lude de l\u2019institution de l\u2019Eucharistie par le R.P. M.-J. Lagrange des fr\u00e8res Pr\u00eacheurs<\/a><\/div><\/li><li class=\"\"><div class=\"sya_postcontent\"><span class=\"sya_date\"> <span class=\"sya_sep\"> <\/span><\/span><a href=\"https:\/\/www.mj-lagrange.org\/?p=3959\" class=\"sya_postlink post-3959\" rel=\"bookmark\">Extrait-Le P\u00e8re Marie-Joseph Lagrange traduit et commente aujourd\u2019hui l\u2019\u00c9vangile selon saint Marc 9, 41-50<\/a><\/div><\/li><li class=\"\"><div class=\"sya_postcontent\"><span class=\"sya_date\"> <span class=\"sya_sep\"> <\/span><\/span><a href=\"https:\/\/www.mj-lagrange.org\/?p=3947\" class=\"sya_postlink post-3947\" rel=\"bookmark\">Extrait-Apparition de J\u00e9sus aux disciples dans Jean 20, 19-23 par Marie-Joseph Lagrange o.p.<\/a><\/div><\/li><li class=\"\"><div class=\"sya_postcontent\"><span class=\"sya_date\"> <span class=\"sya_sep\"> <\/span><\/span><a href=\"https:\/\/www.mj-lagrange.org\/?p=3926\" class=\"sya_postlink post-3926\" rel=\"bookmark\">La Bible au risque de ses lecteurs par Jean-Michel Poffet o. p. Fribourg<\/a><\/div><\/li><li class=\"\"><div class=\"sya_postcontent\"><span class=\"sya_date\"> <span class=\"sya_sep\"> <\/span><\/span><a href=\"https:\/\/www.mj-lagrange.org\/?p=3920\" class=\"sya_postlink post-3920\" rel=\"bookmark\">Le P\u00e8re Lagrange honor\u00e9 \u00e0 Saint-Maximin (Var)<\/a><\/div><\/li><li class=\"\"><div class=\"sya_postcontent\"><span class=\"sya_date\"> <span class=\"sya_sep\"> <\/span><\/span><a href=\"https:\/\/www.mj-lagrange.org\/?p=3911\" class=\"sya_postlink post-3911\" rel=\"bookmark\">Le 27 mars 2013, un \u00e9l\u00e8ve du P. Lagrange b\u00e9atifi\u00e9 par le pape Fran\u00e7ois<\/a><\/div><\/li><li class=\"\"><div class=\"sya_postcontent\"><span class=\"sya_date\"> <span class=\"sya_sep\"> <\/span><\/span><a href=\"https:\/\/www.mj-lagrange.org\/?p=3904\" class=\"sya_postlink post-3904\" rel=\"bookmark\">Le P\u00e8re Lagrange ne manquait pas d&rsquo;humour&#8230;<\/a><\/div><\/li><li class=\"\"><div class=\"sya_postcontent\"><span class=\"sya_date\"> <span class=\"sya_sep\"> <\/span><\/span><a href=\"https:\/\/www.mj-lagrange.org\/?p=3881\" class=\"sya_postlink post-3881\" rel=\"bookmark\">L\u2019humilit\u00e9 du pape Fran\u00e7ois, du saint Cur\u00e9 d\u2019Ars, du p\u00e8re Lagrange<\/a><\/div><\/li><li class=\"\"><div class=\"sya_postcontent\"><span class=\"sya_date\"> <span class=\"sya_sep\"> <\/span><\/span><a href=\"https:\/\/www.mj-lagrange.org\/?p=3872\" class=\"sya_postlink post-3872\" rel=\"bookmark\">Plus tard&#8230;<\/a><\/div><\/li><li class=\"\"><div class=\"sya_postcontent\"><span class=\"sya_date\"> <span class=\"sya_sep\"> <\/span><\/span><a href=\"https:\/\/www.mj-lagrange.org\/?p=3849\" class=\"sya_postlink post-3849\" rel=\"bookmark\">21 avril : Journ\u00e9e mondiale de pri\u00e8re pour les vocations<\/a><\/div><\/li><li class=\"\"><div class=\"sya_postcontent\"><span class=\"sya_date\"> <span class=\"sya_sep\"> <\/span><\/span><a href=\"https:\/\/www.mj-lagrange.org\/?p=3781\" class=\"sya_postlink post-3781\" rel=\"bookmark\">8 avril 2013. Solennit\u00e9 de l&rsquo;Annonciation du Seigneur<\/a><\/div><\/li><li class=\"\"><div class=\"sya_postcontent\"><span class=\"sya_date\"> <span class=\"sya_sep\"> <\/span><\/span><a href=\"https:\/\/www.mj-lagrange.org\/?p=3774\" class=\"sya_postlink post-3774\" rel=\"bookmark\">L&rsquo;\u00c9cole biblique de J\u00e9rusalem sur la cha\u00eene KTOTV<\/a><\/div><\/li><li class=\"\"><div class=\"sya_postcontent\"><span class=\"sya_date\"> <span class=\"sya_sep\"> <\/span><\/span><a href=\"https:\/\/www.mj-lagrange.org\/?p=3752\" class=\"sya_postlink post-3752\" rel=\"bookmark\">Le p\u00e8re Marie-Joseph Lagrange, un homme de chez nous! Conf\u00e9rence donn\u00e9e par fr. Manuel Rivero, o.p. le 23 f\u00e9vrier 2013<\/a><\/div><\/li><li class=\"\"><div class=\"sya_postcontent\"><span class=\"sya_date\"> <span class=\"sya_sep\"> <\/span><\/span><a href=\"https:\/\/www.mj-lagrange.org\/?p=3742\" class=\"sya_postlink post-3742\" rel=\"bookmark\">\u00c9tudier pour le salut des \u00e2mes par fr. Manuel Rivero o. p.<\/a><\/div><\/li><li class=\"\"><div class=\"sya_postcontent\"><span class=\"sya_date\"> <span class=\"sya_sep\"> <\/span><\/span><a href=\"https:\/\/www.mj-lagrange.org\/?p=3707\" class=\"sya_postlink post-3707\" rel=\"bookmark\">La mis\u00e9ricorde (extrait du Journal spirituel de fr. Marie-Joseph Lagrange, o.p. par fr. Bernard Montagnes, o.p.)<\/a><\/div><\/li><li class=\"\"><div class=\"sya_postcontent\"><span class=\"sya_date\"> <span class=\"sya_sep\"> <\/span><\/span><a href=\"https:\/\/www.mj-lagrange.org\/?p=3678\" class=\"sya_postlink post-3678\" rel=\"bookmark\">Pr\u00e9ambule \u00e0 la biographie du p\u00e8re Lagrange par le p\u00e8re Vincent<\/a><\/div><\/li><li class=\"\"><div class=\"sya_postcontent\"><span class=\"sya_date\"> <span class=\"sya_sep\"> <\/span><\/span><a href=\"https:\/\/www.mj-lagrange.org\/?p=3673\" class=\"sya_postlink post-3673\" rel=\"bookmark\">L\u2019\u00c9cole biblique de J\u00e9rusalem et son grand projet scientifique<\/a><\/div><\/li><li class=\"\"><div class=\"sya_postcontent\"><span class=\"sya_date\"> <span class=\"sya_sep\"> <\/span><\/span><a href=\"https:\/\/www.mj-lagrange.org\/?p=3597\" class=\"sya_postlink post-3597\" rel=\"bookmark\">Interview de fr. Manuel Rivero, o. p. par le magazine \u00ab\u00a0\u00c9glise \u00e0 La R\u00e9union\u00a0\u00bb<\/a><\/div><\/li><\/ul><a id=\"year2012\"><\/a>2012<ul><li class=\"\"><div class=\"sya_postcontent\"><span class=\"sya_date\"> <span class=\"sya_sep\"> <\/span><\/span><a href=\"https:\/\/www.mj-lagrange.org\/?p=10379\" class=\"sya_postlink post-10379\" rel=\"bookmark\">Pr\u00e9paration du colloque de 2014, \u00e0 Rome, par fr. Manuel Rivero, o. p.<\/a><\/div><\/li><li class=\"\"><div class=\"sya_postcontent\"><span class=\"sya_date\"> <span class=\"sya_sep\"> <\/span><\/span><a href=\"https:\/\/www.mj-lagrange.org\/?p=3492\" class=\"sya_postlink post-3492\" rel=\"bookmark\">Pr\u00e9paration du colloque de 2014, \u00e0 Rome, par fr. Manuel Rivero, o. p.<\/a><\/div><\/li><li class=\"\"><div class=\"sya_postcontent\"><span class=\"sya_date\"> <span class=\"sya_sep\"> <\/span><\/span><a href=\"https:\/\/www.mj-lagrange.org\/?p=3503\" class=\"sya_postlink post-3503\" rel=\"bookmark\">Lettre d&rsquo;information Novembre 2012<\/a><\/div><\/li><li class=\"\"><div class=\"sya_postcontent\"><span class=\"sya_date\"> <span class=\"sya_sep\"> <\/span><\/span><a href=\"https:\/\/www.mj-lagrange.org\/?p=3497\" class=\"sya_postlink post-3497\" rel=\"bookmark\">Le P\u00e8re Lagrange et la Vierge Marie &#8211; M\u00e9ditations des myst\u00e8res du Rosaire par Manuel Rivero O.P. Recension par Jean-Claude Desmidt<\/a><\/div><\/li><li class=\"\"><div class=\"sya_postcontent\"><span class=\"sya_date\"> <span class=\"sya_sep\"> <\/span><\/span><a href=\"https:\/\/www.mj-lagrange.org\/?p=3489\" class=\"sya_postlink post-3489\" rel=\"bookmark\">\u00c9crits de circonstances-Apr\u00e8s vingt-cinq ans, par fr. Marie-Joseph Lagrange des fr\u00e8res Pr\u00eacheurs*<\/a><\/div><\/li><li class=\"\"><div class=\"sya_postcontent\"><span class=\"sya_date\"> <span class=\"sya_sep\"> <\/span><\/span><a href=\"https:\/\/www.mj-lagrange.org\/?p=10378\" class=\"sya_postlink post-10378\" rel=\"bookmark\">Le P\u00e8re Lagrange devant la \u00ab\u00a0question biblique\u00a0\u00bb par fr. Bernard Montagnes, O.P.<\/a><\/div><\/li><li class=\"\"><div class=\"sya_postcontent\"><span class=\"sya_date\"> <span class=\"sya_sep\"> <\/span><\/span><a href=\"https:\/\/www.mj-lagrange.org\/?p=3393\" class=\"sya_postlink post-3393\" rel=\"bookmark\">Le P\u00e8re Lagrange et la Vierge Marie. M\u00e9ditations des myst\u00e8res du Rosaire par Manuel Rivero o. p. &#8211; \u00c9ditions du Cerf<\/a><\/div><\/li><li class=\"\"><div class=\"sya_postcontent\"><span class=\"sya_date\"> <span class=\"sya_sep\"> <\/span><\/span><a href=\"https:\/\/www.mj-lagrange.org\/?p=3288\" class=\"sya_postlink post-3288\" rel=\"bookmark\">Inauguration et b\u00e9n\u00e9diction du Rond-Point et de l&rsquo;Avenue P\u00e8re Lagrange \u00e0 Saint-Maximin-la-Sainte-Baume (Var)<\/a><\/div><\/li><li class=\"\"><div class=\"sya_postcontent\"><span class=\"sya_date\"> <span class=\"sya_sep\"> <\/span><\/span><a href=\"https:\/\/www.mj-lagrange.org\/?p=3271\" class=\"sya_postlink post-3271\" rel=\"bookmark\">Le P\u00e8re Lagrange, lumi\u00e8re pour la Nouvelle \u00c9vang\u00e9lisation par fr. Manuel Rivero, o.p.<\/a><\/div><\/li><li class=\"\"><div class=\"sya_postcontent\"><span class=\"sya_date\"> <span class=\"sya_sep\"> <\/span><\/span><a href=\"https:\/\/www.mj-lagrange.org\/?p=3231\" class=\"sya_postlink post-3231\" rel=\"bookmark\">\u00c9chos de l&rsquo;Assembl\u00e9e g\u00e9n\u00e9rale ordinaire du 10 mars 2012<\/a><\/div><\/li><li class=\"\"><div class=\"sya_postcontent\"><span class=\"sya_date\"> <span class=\"sya_sep\"> <\/span><\/span><a href=\"https:\/\/www.mj-lagrange.org\/?p=3199\" class=\"sya_postlink post-3199\" rel=\"bookmark\">Le P\u00e8re Lagrange, sa vie et son \u0153uvre  par le P\u00e8re Louis-Hugues Vincent, O.P. (introduction)<\/a><\/div><\/li><li class=\"\"><div class=\"sya_postcontent\"><span class=\"sya_date\"> <span class=\"sya_sep\"> <\/span><\/span><a href=\"https:\/\/www.mj-lagrange.org\/?p=2874\" class=\"sya_postlink post-2874\" rel=\"bookmark\">Invitation \u00e0 la prochaine assembl\u00e9e g\u00e9n\u00e9rale de l\u2019Association<\/a><\/div><\/li><li class=\"\"><div class=\"sya_postcontent\"><span class=\"sya_date\"> <span class=\"sya_sep\"> <\/span><\/span><a href=\"https:\/\/www.mj-lagrange.org\/?p=2759\" class=\"sya_postlink post-2759\" rel=\"bookmark\">L\u2019ex\u00e9g\u00e8se et l\u2019\u00e9pigraphie s\u00e9mitique \u00e0 l\u2019\u00c9cole biblique par M. Andr\u00e9 Caquot, membre de l\u2019Acad\u00e9mie<\/a><\/div><\/li><\/ul><a id=\"year2011\"><\/a>2011<ul><li class=\"\"><div class=\"sya_postcontent\"><span class=\"sya_date\"> <span class=\"sya_sep\"> <\/span><\/span><a href=\"https:\/\/www.mj-lagrange.org\/?p=2738\" class=\"sya_postlink post-2738\" rel=\"bookmark\">L&rsquo;\u00c9criture de l\u2019Histoire : du P\u00e8re Lagrange \u00e0 Paul Ric\u0153ur par fr. Jean-Michel Poffet, O.P.<\/a><\/div><\/li><li class=\"\"><div class=\"sya_postcontent\"><span class=\"sya_date\"> <span class=\"sya_sep\"> <\/span><\/span><a href=\"https:\/\/www.mj-lagrange.org\/?p=2734\" class=\"sya_postlink post-2734\" rel=\"bookmark\">Nouveau Testament-Invention des reliques de saint \u00c9tienne par le P. Marie-Joseph Lagrange des fr\u00e8res Pr\u00eacheurs*<\/a><\/div><\/li><li class=\"\"><div class=\"sya_postcontent\"><span class=\"sya_date\"> <span class=\"sya_sep\"> <\/span><\/span><a href=\"https:\/\/www.mj-lagrange.org\/?p=2715\" class=\"sya_postlink post-2715\" rel=\"bookmark\">Le P\u00e8re Lagrange interdit d\u2019Ancien Testament ? par fr. Bernard Montagnes, O.P.<\/a><\/div><\/li><li class=\"\"><div class=\"sya_postcontent\"><span class=\"sya_date\"> <span class=\"sya_sep\"> <\/span><\/span><a href=\"https:\/\/www.mj-lagrange.org\/?p=2696\" class=\"sya_postlink post-2696\" rel=\"bookmark\">La condition de l\u2019ex\u00e9g\u00e8se catholique au temps du modernisme : le P\u00e8re Lagrange par fr. Bernard Montagnes, O.P.<\/a><\/div><\/li><li class=\"\"><div class=\"sya_postcontent\"><span class=\"sya_date\"> <span class=\"sya_sep\"> <\/span><\/span><a href=\"https:\/\/www.mj-lagrange.org\/?p=2690\" class=\"sya_postlink post-2690\" rel=\"bookmark\">Le P\u00e8re Lagrange au couvent de Marseille par fr. Manuel Rivero, O.P.<\/a><\/div><\/li><li class=\"\"><div class=\"sya_postcontent\"><span class=\"sya_date\"> <span class=\"sya_sep\"> <\/span><\/span><a href=\"https:\/\/www.mj-lagrange.org\/?p=2103\" class=\"sya_postlink post-2103\" rel=\"bookmark\">Prier le Rosaire avec le P\u00e8re Lagrange par S\u0153ur Marie-Ancilla, o.p.<\/a><\/div><\/li><li class=\"\"><div class=\"sya_postcontent\"><span class=\"sya_date\"> <span class=\"sya_sep\"> <\/span><\/span><a href=\"https:\/\/www.mj-lagrange.org\/?p=2537\" class=\"sya_postlink post-2537\" rel=\"bookmark\">Le P\u00e8re Lagrange par fr. Marie-R\u00e9ginald Loew, O.P., disciple du P\u00e8re Lagrange<\/a><\/div><\/li><li class=\"\"><div class=\"sya_postcontent\"><span class=\"sya_date\"> <span class=\"sya_sep\"> <\/span><\/span><a href=\"https:\/\/www.mj-lagrange.org\/?p=2544\" class=\"sya_postlink post-2544\" rel=\"bookmark\">L\u2019\u0152uvre du P\u00e8re Lagrange par Fran\u00e7ois-Marie Braun, o.p.<\/a><\/div><\/li><li class=\"\"><div class=\"sya_postcontent\"><span class=\"sya_date\"> <span class=\"sya_sep\"> <\/span><\/span><a href=\"https:\/\/www.mj-lagrange.org\/?p=2533\" class=\"sya_postlink post-2533\" rel=\"bookmark\">L\u2019\u00c9cole biblique de Saint-\u00c9tienne par le R.P. Marie-Joseph Lagrange des fr\u00e8res Pr\u00eacheurs<\/a><\/div><\/li><\/ul><\/div>\n","protected":false},"excerpt":{"rendered":"","protected":false},"author":1,"featured_media":0,"parent":0,"menu_order":0,"comment_status":"closed","ping_status":"closed","template":"","meta":{"footnotes":""},"class_list":["post-1259","page","type-page","status-publish","hentry"],"_links":{"self":[{"href":"https:\/\/www.mj-lagrange.org\/index.php?rest_route=\/wp\/v2\/pages\/1259","targetHints":{"allow":["GET"]}}],"collection":[{"href":"https:\/\/www.mj-lagrange.org\/index.php?rest_route=\/wp\/v2\/pages"}],"about":[{"href":"https:\/\/www.mj-lagrange.org\/index.php?rest_route=\/wp\/v2\/types\/page"}],"author":[{"embeddable":true,"href":"https:\/\/www.mj-lagrange.org\/index.php?rest_route=\/wp\/v2\/users\/1"}],"replies":[{"embeddable":true,"href":"https:\/\/www.mj-lagrange.org\/index.php?rest_route=%2Fwp%2Fv2%2Fcomments&post=1259"}],"version-history":[{"count":1,"href":"https:\/\/www.mj-lagrange.org\/index.php?rest_route=\/wp\/v2\/pages\/1259\/revisions"}],"predecessor-version":[{"id":1260,"href":"https:\/\/www.mj-lagrange.org\/index.php?rest_route=\/wp\/v2\/pages\/1259\/revisions\/1260"}],"wp:attachment":[{"href":"https:\/\/www.mj-lagrange.org\/index.php?rest_route=%2Fwp%2Fv2%2Fmedia&parent=1259"}],"curies":[{"name":"wp","href":"https:\/\/api.w.org\/{rel}","templated":true}]}}